{"id":503,"date":"2020-03-16T18:12:53","date_gmt":"2020-03-16T17:12:53","guid":{"rendered":"http:\/\/lire-lier.fr\/?page_id=503"},"modified":"2022-01-25T12:34:01","modified_gmt":"2022-01-25T11:34:01","slug":"la-quarantaine-litteraire","status":"publish","type":"page","link":"https:\/\/lire-lier.fr\/?page_id=503","title":{"rendered":"La Quarantaine litt\u00e9raire"},"content":{"rendered":"\r\n<figure class=\"wp-block-image size-large is-resized\"><img loading=\"lazy\" class=\"wp-image-504\" src=\"http:\/\/lire-lier.fr\/wp-content\/uploads\/2020\/03\/boiteaoutils-4-1020x1024.jpg\" alt=\"\" width=\"290\" height=\"291\" srcset=\"https:\/\/lire-lier.fr\/wp-content\/uploads\/2020\/03\/boiteaoutils-4-1020x1024.jpg 1020w, https:\/\/lire-lier.fr\/wp-content\/uploads\/2020\/03\/boiteaoutils-4-300x300.jpg 300w, https:\/\/lire-lier.fr\/wp-content\/uploads\/2020\/03\/boiteaoutils-4-150x150.jpg 150w, https:\/\/lire-lier.fr\/wp-content\/uploads\/2020\/03\/boiteaoutils-4-768x771.jpg 768w, https:\/\/lire-lier.fr\/wp-content\/uploads\/2020\/03\/boiteaoutils-4-1530x1536.jpg 1530w, https:\/\/lire-lier.fr\/wp-content\/uploads\/2020\/03\/boiteaoutils-4-2040x2048.jpg 2040w, https:\/\/lire-lier.fr\/wp-content\/uploads\/2020\/03\/boiteaoutils-4-1200x1205.jpg 1200w, https:\/\/lire-lier.fr\/wp-content\/uploads\/2020\/03\/boiteaoutils-4-1320x1325.jpg 1320w\" sizes=\"(max-width: 290px) 100vw, 290px\" \/><\/figure>\r\n\r\n\r\n\r\n<p><strong>Dernier jour de confinement<\/strong> : oui oui on y croit tr\u00e8s fort pour ce dernier jour au Pr\u00e9, rue Gutenberg, on revient aux origines du livre, \u00e0 l&#8217;essentiel, \u00e0 l&#8217;imprimerie c&#8217;est ce que r\u00e9ussit fort bien cet \u00e9diteur Olivier Rougerie en publiant de la po\u00e9sie depuis plus de 70 ans dans les traces de son p\u00e8re Ren\u00e9 Rougerie \u00e0 Mortemart, avec tout l&#8217;art de la typographie. Oui, ses livres sont dans les librairies qu&#8217;il visite chaque ann\u00e9e et aussi visibles sur son nouveau site concoct\u00e9 par sa fille. Une belle histoire de famille ces \u00e9ditions, et surtout une famille litt\u00e9raire \u00e0 d\u00e9couvrir, \u00e0 commencer par Saint-Pol Roux, Pierre Albert-Birot, Pierre Seghers, et plus r\u00e9cemment Gu\u00e9nane Cade, Marc Dugardin, Roland Reuntenauer, Fran\u00e7ois Perche&#8230; et bien d&#8217;autres si bien accompagn\u00e9s par un \u00e9diteur authentique. Merci Olivier.<\/p>\r\n\r\n\r\n\r\n<figure class=\"wp-block-gallery columns-3 is-cropped\">\r\n<ul class=\"blocks-gallery-grid\">\r\n<li class=\"blocks-gallery-item\">\r\n<figure><img loading=\"lazy\" width=\"768\" height=\"1024\" class=\"wp-image-904\" src=\"http:\/\/lire-lier.fr\/wp-content\/uploads\/2020\/05\/IMG_5184-768x1024.jpeg\" alt=\"\" data-id=\"904\" srcset=\"https:\/\/lire-lier.fr\/wp-content\/uploads\/2020\/05\/IMG_5184-768x1024.jpeg 768w, https:\/\/lire-lier.fr\/wp-content\/uploads\/2020\/05\/IMG_5184-225x300.jpeg 225w, https:\/\/lire-lier.fr\/wp-content\/uploads\/2020\/05\/IMG_5184-1152x1536.jpeg 1152w, https:\/\/lire-lier.fr\/wp-content\/uploads\/2020\/05\/IMG_5184-1536x2048.jpeg 1536w, https:\/\/lire-lier.fr\/wp-content\/uploads\/2020\/05\/IMG_5184-1200x1600.jpeg 1200w, https:\/\/lire-lier.fr\/wp-content\/uploads\/2020\/05\/IMG_5184-1320x1760.jpeg 1320w, https:\/\/lire-lier.fr\/wp-content\/uploads\/2020\/05\/IMG_5184-scaled.jpeg 1920w\" sizes=\"(max-width: 768px) 100vw, 768px\" \/><\/figure>\r\n<\/li>\r\n<li class=\"blocks-gallery-item\">\r\n<figure><img loading=\"lazy\" width=\"1024\" height=\"1024\" class=\"wp-image-905\" src=\"http:\/\/lire-lier.fr\/wp-content\/uploads\/2020\/05\/IMG_5186-1024x1024.jpeg\" alt=\"\" data-id=\"905\" data-link=\"http:\/\/lire-lier.fr\/?attachment_id=905\" srcset=\"https:\/\/lire-lier.fr\/wp-content\/uploads\/2020\/05\/IMG_5186-1024x1024.jpeg 1024w, https:\/\/lire-lier.fr\/wp-content\/uploads\/2020\/05\/IMG_5186-300x300.jpeg 300w, https:\/\/lire-lier.fr\/wp-content\/uploads\/2020\/05\/IMG_5186-150x150.jpeg 150w, https:\/\/lire-lier.fr\/wp-content\/uploads\/2020\/05\/IMG_5186-768x768.jpeg 768w, https:\/\/lire-lier.fr\/wp-content\/uploads\/2020\/05\/IMG_5186-1536x1536.jpeg 1536w, https:\/\/lire-lier.fr\/wp-content\/uploads\/2020\/05\/IMG_5186-2048x2048.jpeg 2048w, https:\/\/lire-lier.fr\/wp-content\/uploads\/2020\/05\/IMG_5186-1200x1200.jpeg 1200w, https:\/\/lire-lier.fr\/wp-content\/uploads\/2020\/05\/IMG_5186-1320x1320.jpeg 1320w\" sizes=\"(max-width: 1024px) 100vw, 1024px\" \/><\/figure>\r\n<\/li>\r\n<li class=\"blocks-gallery-item\">\r\n<figure><img loading=\"lazy\" width=\"1024\" height=\"768\" class=\"wp-image-906\" src=\"http:\/\/lire-lier.fr\/wp-content\/uploads\/2020\/05\/IMG_5201-1024x768.jpeg\" alt=\"\" data-id=\"906\" data-link=\"http:\/\/lire-lier.fr\/?attachment_id=906\" srcset=\"https:\/\/lire-lier.fr\/wp-content\/uploads\/2020\/05\/IMG_5201-1024x768.jpeg 1024w, https:\/\/lire-lier.fr\/wp-content\/uploads\/2020\/05\/IMG_5201-300x225.jpeg 300w, https:\/\/lire-lier.fr\/wp-content\/uploads\/2020\/05\/IMG_5201-768x576.jpeg 768w, https:\/\/lire-lier.fr\/wp-content\/uploads\/2020\/05\/IMG_5201-1536x1152.jpeg 1536w, https:\/\/lire-lier.fr\/wp-content\/uploads\/2020\/05\/IMG_5201-2048x1536.jpeg 2048w, https:\/\/lire-lier.fr\/wp-content\/uploads\/2020\/05\/IMG_5201-1200x900.jpeg 1200w, https:\/\/lire-lier.fr\/wp-content\/uploads\/2020\/05\/IMG_5201-1320x990.jpeg 1320w\" sizes=\"(max-width: 1024px) 100vw, 1024px\" \/><\/figure>\r\n<\/li>\r\n<li class=\"blocks-gallery-item\">\r\n<figure><img loading=\"lazy\" width=\"1024\" height=\"768\" class=\"wp-image-907\" src=\"http:\/\/lire-lier.fr\/wp-content\/uploads\/2020\/05\/IMG_5203-1024x768.jpeg\" alt=\"\" data-id=\"907\" data-link=\"http:\/\/lire-lier.fr\/?attachment_id=907\" srcset=\"https:\/\/lire-lier.fr\/wp-content\/uploads\/2020\/05\/IMG_5203-1024x768.jpeg 1024w, https:\/\/lire-lier.fr\/wp-content\/uploads\/2020\/05\/IMG_5203-300x225.jpeg 300w, https:\/\/lire-lier.fr\/wp-content\/uploads\/2020\/05\/IMG_5203-768x576.jpeg 768w, https:\/\/lire-lier.fr\/wp-content\/uploads\/2020\/05\/IMG_5203-1536x1152.jpeg 1536w, https:\/\/lire-lier.fr\/wp-content\/uploads\/2020\/05\/IMG_5203-2048x1536.jpeg 2048w, https:\/\/lire-lier.fr\/wp-content\/uploads\/2020\/05\/IMG_5203-1200x900.jpeg 1200w, https:\/\/lire-lier.fr\/wp-content\/uploads\/2020\/05\/IMG_5203-1320x990.jpeg 1320w\" sizes=\"(max-width: 1024px) 100vw, 1024px\" \/><\/figure>\r\n<\/li>\r\n<li class=\"blocks-gallery-item\">\r\n<figure><img loading=\"lazy\" width=\"768\" height=\"1024\" class=\"wp-image-908\" src=\"http:\/\/lire-lier.fr\/wp-content\/uploads\/2020\/05\/IMG_5207-768x1024.jpeg\" alt=\"\" data-id=\"908\" data-link=\"http:\/\/lire-lier.fr\/?attachment_id=908\" srcset=\"https:\/\/lire-lier.fr\/wp-content\/uploads\/2020\/05\/IMG_5207-768x1024.jpeg 768w, https:\/\/lire-lier.fr\/wp-content\/uploads\/2020\/05\/IMG_5207-225x300.jpeg 225w, https:\/\/lire-lier.fr\/wp-content\/uploads\/2020\/05\/IMG_5207-1152x1536.jpeg 1152w, https:\/\/lire-lier.fr\/wp-content\/uploads\/2020\/05\/IMG_5207-1536x2048.jpeg 1536w, https:\/\/lire-lier.fr\/wp-content\/uploads\/2020\/05\/IMG_5207-1200x1600.jpeg 1200w, https:\/\/lire-lier.fr\/wp-content\/uploads\/2020\/05\/IMG_5207-1320x1760.jpeg 1320w, https:\/\/lire-lier.fr\/wp-content\/uploads\/2020\/05\/IMG_5207-scaled.jpeg 1920w\" sizes=\"(max-width: 768px) 100vw, 768px\" \/><\/figure>\r\n<\/li>\r\n<li class=\"blocks-gallery-item\">\r\n<figure><img loading=\"lazy\" width=\"768\" height=\"1024\" class=\"wp-image-909\" src=\"http:\/\/lire-lier.fr\/wp-content\/uploads\/2020\/05\/IMG_5208-768x1024.jpeg\" alt=\"\" data-id=\"909\" data-link=\"http:\/\/lire-lier.fr\/?attachment_id=909\" srcset=\"https:\/\/lire-lier.fr\/wp-content\/uploads\/2020\/05\/IMG_5208-768x1024.jpeg 768w, https:\/\/lire-lier.fr\/wp-content\/uploads\/2020\/05\/IMG_5208-225x300.jpeg 225w, https:\/\/lire-lier.fr\/wp-content\/uploads\/2020\/05\/IMG_5208-1152x1536.jpeg 1152w, https:\/\/lire-lier.fr\/wp-content\/uploads\/2020\/05\/IMG_5208-1536x2048.jpeg 1536w, https:\/\/lire-lier.fr\/wp-content\/uploads\/2020\/05\/IMG_5208-1200x1600.jpeg 1200w, https:\/\/lire-lier.fr\/wp-content\/uploads\/2020\/05\/IMG_5208-1320x1760.jpeg 1320w, https:\/\/lire-lier.fr\/wp-content\/uploads\/2020\/05\/IMG_5208-scaled.jpeg 1920w\" sizes=\"(max-width: 768px) 100vw, 768px\" \/><\/figure>\r\n<\/li>\r\n<\/ul>\r\n<figcaption class=\"blocks-gallery-caption\">L&#8217;atelier d&#8217;Olivier Rougerie, un tr\u00e8s beau jour d&#8217;\u00e9t\u00e9, une promenade dans les livres au milieu de la nature.<\/figcaption>\r\n<\/figure>\r\n\r\n\r\n\r\n<p><strong>40e rugissant&#8230; jour de confinement<\/strong> : toujours en confinement et pourtant tellement envie d&#8217;\u00eatre sur la route ! Bien s\u00fbr <strong><em>Sur la route<\/em><\/strong> de Jack Kerouac, pas seulement un tr\u00e8s bon livre, juste un moment inoubliable de lecture, un texte fondateur, une route litt\u00e9raire que nombre d&#8217;\u00e9crivains ont suivi par la suite. Dans le th\u00e8me, l&#8217;appel \u00e0 la libert\u00e9 et \u00e0 la connaissance de soi, je pense \u00e0 deux lectures r\u00e9centes, de deux livres d&#8217;\u00e9crivains jeunesse qui nous font suivre des routes d&#8217;adolescents <em>Aussi loin que possible<\/em> d&#8217;Eric Pessan, qui retrace la course\/fugue de deux coll\u00e9giens m\u00ealant leur qu\u00eate d&#8217;identit\u00e9 \u00e0 des questionnements sociaux, familiaux&#8230;Une tr\u00e8s belle d\u00e9couverte et tr\u00e8s bonne lecture que l&#8217;on vole avec plaisir aux lecteurs adolescents. Dans ce registre <em>Tracer<\/em> de Guillaume Nail (aux \u00e9ditions du Rouergue) est un livre qui se lit d&#8217;une traite (surtout en p\u00e9riode de confinement l&#8217;appel de la route et de la randonn\u00e9e se faisant plus pressant). Au del\u00e0 de cet envie irr\u00e9sistible de chausser ses baskets pour tracer sa route, on est happ\u00e9 par le chemin qu&#8217;Emjie, jeune adolescente, entreprend suite au d\u00e9c\u00e8s brutal de ses parents. Un road-movie vers l&#8217;Aubrac, mais surtout un tr\u00e8s beau r\u00e9cit sur le deuil, la solitude, l&#8217;adolescence, l&#8217;amiti\u00e9, l&#8217;identit\u00e9. C&#8217;est tout simplement fort, juste, \u00e9voquant une jeunesse d&#8217;aujourd&#8217;hui, et des \u00e9motions et r\u00e9flexions \u00e9ternellement universelles. Formidable ode \u00e0 l&#8217;adolescence, cet \u00e2ge &#8220;de tous les possibles&#8221;, des &#8220;chemins \u00e0 tracer&#8221;&#8230;<\/p>\r\n\r\n\r\n\r\n<figure class=\"wp-block-gallery columns-2 is-cropped\">\r\n<ul class=\"blocks-gallery-grid\">\r\n<li class=\"blocks-gallery-item\">\r\n<figure><img loading=\"lazy\" width=\"340\" height=\"518\" class=\"wp-image-900\" src=\"http:\/\/lire-lier.fr\/wp-content\/uploads\/2020\/05\/9782211239943.jpg\" alt=\"\" data-id=\"900\" srcset=\"https:\/\/lire-lier.fr\/wp-content\/uploads\/2020\/05\/9782211239943.jpg 340w, https:\/\/lire-lier.fr\/wp-content\/uploads\/2020\/05\/9782211239943-197x300.jpg 197w\" sizes=\"(max-width: 340px) 100vw, 340px\" \/><\/figure>\r\n<\/li>\r\n<li class=\"blocks-gallery-item\">\r\n<figure><img loading=\"lazy\" width=\"768\" height=\"1024\" class=\"wp-image-901\" src=\"http:\/\/lire-lier.fr\/wp-content\/uploads\/2020\/05\/tracer-1-768x1024.jpg\" alt=\"\" data-id=\"901\" data-full-url=\"http:\/\/lire-lier.fr\/wp-content\/uploads\/2020\/05\/tracer-1-scaled.jpg\" data-link=\"http:\/\/lire-lier.fr\/?attachment_id=901\" srcset=\"https:\/\/lire-lier.fr\/wp-content\/uploads\/2020\/05\/tracer-1-768x1024.jpg 768w, https:\/\/lire-lier.fr\/wp-content\/uploads\/2020\/05\/tracer-1-225x300.jpg 225w, https:\/\/lire-lier.fr\/wp-content\/uploads\/2020\/05\/tracer-1-1152x1536.jpg 1152w, https:\/\/lire-lier.fr\/wp-content\/uploads\/2020\/05\/tracer-1-1536x2048.jpg 1536w, https:\/\/lire-lier.fr\/wp-content\/uploads\/2020\/05\/tracer-1-1200x1600.jpg 1200w, https:\/\/lire-lier.fr\/wp-content\/uploads\/2020\/05\/tracer-1-1320x1760.jpg 1320w, https:\/\/lire-lier.fr\/wp-content\/uploads\/2020\/05\/tracer-1-scaled.jpg 1920w\" sizes=\"(max-width: 768px) 100vw, 768px\" \/><\/figure>\r\n<\/li>\r\n<\/ul>\r\n<\/figure>\r\n\r\n\r\n\r\n<p><strong>40e rugissant&#8230; jour de confinement<\/strong> : on est toujours dans la quarantaine on ne compte plus les jours mais on continue \u00e0 explorer des contr\u00e9es litt\u00e9raires et la veille du Premier Mai, pourquoi ne partirait-on pas en plein Far west avec une s\u00e9rie g\u00e9niale, <em>Lonesome Dove<\/em>, publi\u00e9 chez un tr\u00e8s bon \u00e9diteur Gallmeister sign\u00e9e Larry McMurtry, co-sc\u00e9nariste de ce tr\u00e8s bon film <em>Le secret de Brokeback Mountain<\/em>, on pourra finir cette lecture avec un autre bon western familial comme <em>Silverado<\/em> ou continuer du c\u00f4t\u00e9 des indiens avec l&#8217;excellent livre de Jim Fergus <em>Mille femmes blanches<\/em>, \u00e0 nous les grands espaces !<\/p>\r\n\r\n\r\n\r\n<figure class=\"wp-block-gallery columns-5 is-cropped\">\r\n<ul class=\"blocks-gallery-grid\">\r\n<li class=\"blocks-gallery-item\">\r\n<figure><img loading=\"lazy\" width=\"683\" height=\"1024\" class=\"wp-image-884\" src=\"http:\/\/lire-lier.fr\/wp-content\/uploads\/2020\/04\/6055-cover-dove1-5890acb8b5c88-1-683x1024.jpg\" alt=\"\" data-id=\"884\" data-link=\"http:\/\/lire-lier.fr\/?attachment_id=884\" srcset=\"https:\/\/lire-lier.fr\/wp-content\/uploads\/2020\/04\/6055-cover-dove1-5890acb8b5c88-1-683x1024.jpg 683w, https:\/\/lire-lier.fr\/wp-content\/uploads\/2020\/04\/6055-cover-dove1-5890acb8b5c88-1-200x300.jpg 200w, https:\/\/lire-lier.fr\/wp-content\/uploads\/2020\/04\/6055-cover-dove1-5890acb8b5c88-1-768x1152.jpg 768w, https:\/\/lire-lier.fr\/wp-content\/uploads\/2020\/04\/6055-cover-dove1-5890acb8b5c88-1-1024x1536.jpg 1024w, https:\/\/lire-lier.fr\/wp-content\/uploads\/2020\/04\/6055-cover-dove1-5890acb8b5c88-1-1365x2048.jpg 1365w, https:\/\/lire-lier.fr\/wp-content\/uploads\/2020\/04\/6055-cover-dove1-5890acb8b5c88-1-1200x1800.jpg 1200w, https:\/\/lire-lier.fr\/wp-content\/uploads\/2020\/04\/6055-cover-dove1-5890acb8b5c88-1-1320x1980.jpg 1320w, https:\/\/lire-lier.fr\/wp-content\/uploads\/2020\/04\/6055-cover-dove1-5890acb8b5c88-1.jpg 1417w\" sizes=\"(max-width: 683px) 100vw, 683px\" \/><\/figure>\r\n<\/li>\r\n<li class=\"blocks-gallery-item\">\r\n<figure><img loading=\"lazy\" width=\"675\" height=\"1024\" class=\"wp-image-885\" src=\"http:\/\/lire-lier.fr\/wp-content\/uploads\/2020\/04\/9782351786062_1_75-675x1024.jpg\" alt=\"\" data-id=\"885\" data-link=\"http:\/\/lire-lier.fr\/?attachment_id=885\" srcset=\"https:\/\/lire-lier.fr\/wp-content\/uploads\/2020\/04\/9782351786062_1_75-675x1024.jpg 675w, https:\/\/lire-lier.fr\/wp-content\/uploads\/2020\/04\/9782351786062_1_75-198x300.jpg 198w, https:\/\/lire-lier.fr\/wp-content\/uploads\/2020\/04\/9782351786062_1_75-768x1164.jpg 768w, https:\/\/lire-lier.fr\/wp-content\/uploads\/2020\/04\/9782351786062_1_75.jpg 1000w\" sizes=\"(max-width: 675px) 100vw, 675px\" \/><\/figure>\r\n<\/li>\r\n<li class=\"blocks-gallery-item\">\r\n<figure><img loading=\"lazy\" width=\"194\" height=\"259\" class=\"wp-image-886\" src=\"http:\/\/lire-lier.fr\/wp-content\/uploads\/2020\/04\/Unknown-1-3.jpeg\" alt=\"\" data-id=\"886\" data-link=\"http:\/\/lire-lier.fr\/?attachment_id=886\" \/><\/figure>\r\n<\/li>\r\n<li class=\"blocks-gallery-item\">\r\n<figure><img loading=\"lazy\" width=\"113\" height=\"160\" class=\"wp-image-887\" src=\"http:\/\/lire-lier.fr\/wp-content\/uploads\/2020\/04\/Unknown-9.jpeg\" alt=\"\" data-id=\"887\" data-link=\"http:\/\/lire-lier.fr\/?attachment_id=887\" \/><\/figure>\r\n<\/li>\r\n<li class=\"blocks-gallery-item\">\r\n<figure><img loading=\"lazy\" width=\"400\" height=\"655\" class=\"wp-image-891\" src=\"http:\/\/lire-lier.fr\/wp-content\/uploads\/2020\/04\/1067185.jpg\" alt=\"\" data-id=\"891\" data-full-url=\"http:\/\/lire-lier.fr\/wp-content\/uploads\/2020\/04\/1067185.jpg\" data-link=\"http:\/\/lire-lier.fr\/?attachment_id=891\" srcset=\"https:\/\/lire-lier.fr\/wp-content\/uploads\/2020\/04\/1067185.jpg 400w, https:\/\/lire-lier.fr\/wp-content\/uploads\/2020\/04\/1067185-183x300.jpg 183w\" sizes=\"(max-width: 400px) 100vw, 400px\" \/><\/figure>\r\n<\/li>\r\n<\/ul>\r\n<\/figure>\r\n\r\n\r\n\r\n<p><strong>40e jour de confinement<\/strong> : 40e jour normalement le dernier&#8230;. alors pour ce jour sp\u00e9cial je vous lance un d\u00e9fi j&#8217;ai relev\u00e9 pleins de mots qui commence par &#8220;conf&#8221; et attends vos compositions. Voici mon humble participation et pour notre quarantaine litt\u00e9raire qui devait se finir aujourd&#8217;hui elle se poursuivra lentement jusqu&#8217;au d\u00e9confinement (il me reste une pile de livres \u00e0 lire et relire&#8230;), avec un rythme allong\u00e9, diff\u00e9rent, libre et vagabond : c&#8217;est peut-\u00eatre la premi\u00e8re le\u00e7on \u00e0 retenir de ce confinement : comment rythmer son temps ? A vos plumes : ma liste : Confier \/ Confiter \/ Confit \/ Confiture \/ Confiner \/ Confiturer \/ Confitage \/ Confiturier\u00a0 \/ Confiteor (pri\u00e8re latine) \/ Confire \/ Confins \/ Confort \/ Confond \/ Confus \/ Confluent \/ Confiance\u00a0 \/ Confiant \/ Conflit \/ Confident \/ Confiserie \/ Conf\u00e9rence \/ Conf-call (proposition de F\u00e9lix) Confinemental (proposition de Nina &#8211; le pot de confiture de mots doux est aussi un de ces heureux cadeaux de f\u00eate des m\u00e8res)\u00a0<\/p>\r\n\r\n\r\n\r\n<div class=\"wp-block-media-text alignwide is-stacked-on-mobile\" style=\"grid-template-columns: 47% auto;\">\r\n<figure class=\"wp-block-media-text__media\"><img loading=\"lazy\" width=\"1024\" height=\"768\" class=\"wp-image-870\" src=\"http:\/\/lire-lier.fr\/wp-content\/uploads\/2020\/04\/confituredemots-1024x768.jpg\" alt=\"cadeau heureux de f\u00eate des m\u00e8res \" srcset=\"https:\/\/lire-lier.fr\/wp-content\/uploads\/2020\/04\/confituredemots-1024x768.jpg 1024w, https:\/\/lire-lier.fr\/wp-content\/uploads\/2020\/04\/confituredemots-300x225.jpg 300w, https:\/\/lire-lier.fr\/wp-content\/uploads\/2020\/04\/confituredemots-768x576.jpg 768w, https:\/\/lire-lier.fr\/wp-content\/uploads\/2020\/04\/confituredemots-1536x1152.jpg 1536w, https:\/\/lire-lier.fr\/wp-content\/uploads\/2020\/04\/confituredemots-2048x1536.jpg 2048w, https:\/\/lire-lier.fr\/wp-content\/uploads\/2020\/04\/confituredemots-1200x900.jpg 1200w, https:\/\/lire-lier.fr\/wp-content\/uploads\/2020\/04\/confituredemots-1320x990.jpg 1320w\" sizes=\"(max-width: 1024px) 100vw, 1024px\" \/><\/figure>\r\n<div class=\"wp-block-media-text__content\">\r\n<p>Nous voil\u00e0<br \/>Petits fruits confits<br \/>A nous confier\u00a0<br \/>Nos confiseries litt\u00e9raires<br \/>Confiants et confidents\u00a0<br \/>A nous configurer\u00a0<br \/>Aux confins\u00a0<br \/>De l\u2019imaginaire\u00a0<br \/>Nos mots confitur\u00e9s<br \/>Dans un long, lent confinement\u00a0<\/p>\r\n\r\n\r\n\r\n<p><strong>E&amp;L<\/strong><\/p>\r\n<\/div>\r\n<\/div>\r\n\r\n\r\n\r\n<p><strong>39e jour de confinement<\/strong> : on fait un tour du c\u00f4t\u00e9 de nos amis belges, pour leur litt\u00e9rature, mais aussi pour leurs po\u00e8tes et po\u00e9tesses souvent dr\u00f4les, justes et terriblement sympas pour les chanceux qui on pu les croiser. La clart\u00e9 pour dire la beaut\u00e9 des choses simples mais aussi la fantaisie pour dire la complexit\u00e9 des choses essentielles. Pour l&#8217;humour d\u00e9capant, on retiendra l&#8217;excellentisssssime Jean-Pierre Verheggen, pour la fantaisie onirique Laurence Vielle (<a href=\"https:\/\/www.dailymotion.com\/video\/xuekk\">R\u00e9cr\u00e9ation du monde<\/a>), pour les enfants et les grands enfants que nous sommes Pierre Coran et Carl Norac (une lign\u00e9e de po\u00e8tes qui nous apprend \u00e0 regarder po\u00e9tiquement le monde d\u00e8s l&#8217;enfance). Le Saviez-vous il existe un po\u00e8te national en Belgique (Laurence Vielle l&#8217;a t\u00e9 et cette ann\u00e9e c&#8217;est Carl Norac, quelle chance ils ont ces belges !) Et on relira <a href=\"http:\/\/www.mauricecareme.be\/fondation.php\">Maurice Car\u00eame<\/a>, dans ses textes peu connus, injustement critiqu\u00e9 par certains po\u00e8tes fran\u00e7ais jaloux de son succ\u00e8s (bien m\u00e9rit\u00e9) dans nos \u00e9coles.<\/p>\r\n\r\n\r\n\r\n<figure class=\"wp-block-gallery columns-2 is-cropped\">\r\n<ul class=\"blocks-gallery-grid\">\r\n<li class=\"blocks-gallery-item\">\r\n<figure><img loading=\"lazy\" width=\"768\" height=\"1024\" class=\"wp-image-862\" src=\"http:\/\/lire-lier.fr\/wp-content\/uploads\/2020\/04\/norac-768x1024.jpg\" alt=\"\" data-id=\"862\" data-link=\"http:\/\/lire-lier.fr\/?attachment_id=862\" srcset=\"https:\/\/lire-lier.fr\/wp-content\/uploads\/2020\/04\/norac-768x1024.jpg 768w, https:\/\/lire-lier.fr\/wp-content\/uploads\/2020\/04\/norac-225x300.jpg 225w, https:\/\/lire-lier.fr\/wp-content\/uploads\/2020\/04\/norac-1152x1536.jpg 1152w, https:\/\/lire-lier.fr\/wp-content\/uploads\/2020\/04\/norac-1536x2048.jpg 1536w, https:\/\/lire-lier.fr\/wp-content\/uploads\/2020\/04\/norac-1200x1600.jpg 1200w, https:\/\/lire-lier.fr\/wp-content\/uploads\/2020\/04\/norac-1320x1760.jpg 1320w, https:\/\/lire-lier.fr\/wp-content\/uploads\/2020\/04\/norac-scaled.jpg 1920w\" sizes=\"(max-width: 768px) 100vw, 768px\" \/>\r\n<figcaption class=\"blocks-gallery-item__caption\">Carl Norac<\/figcaption>\r\n<\/figure>\r\n<\/li>\r\n<li class=\"blocks-gallery-item\">\r\n<figure><img loading=\"lazy\" width=\"768\" height=\"1024\" class=\"wp-image-865\" src=\"http:\/\/lire-lier.fr\/wp-content\/uploads\/2020\/04\/coran-1-768x1024.jpg\" alt=\"\" data-id=\"865\" data-link=\"http:\/\/lire-lier.fr\/?attachment_id=865\" srcset=\"https:\/\/lire-lier.fr\/wp-content\/uploads\/2020\/04\/coran-1-768x1024.jpg 768w, https:\/\/lire-lier.fr\/wp-content\/uploads\/2020\/04\/coran-1-225x300.jpg 225w, https:\/\/lire-lier.fr\/wp-content\/uploads\/2020\/04\/coran-1-1152x1536.jpg 1152w, https:\/\/lire-lier.fr\/wp-content\/uploads\/2020\/04\/coran-1-1536x2048.jpg 1536w, https:\/\/lire-lier.fr\/wp-content\/uploads\/2020\/04\/coran-1-1200x1600.jpg 1200w, https:\/\/lire-lier.fr\/wp-content\/uploads\/2020\/04\/coran-1-1320x1760.jpg 1320w, https:\/\/lire-lier.fr\/wp-content\/uploads\/2020\/04\/coran-1-scaled.jpg 1920w\" sizes=\"(max-width: 768px) 100vw, 768px\" \/>\r\n<figcaption class=\"blocks-gallery-item__caption\">Pierre Coran<\/figcaption>\r\n<\/figure>\r\n<\/li>\r\n<li class=\"blocks-gallery-item\">\r\n<figure><img loading=\"lazy\" width=\"647\" height=\"1024\" class=\"wp-image-866\" src=\"http:\/\/lire-lier.fr\/wp-content\/uploads\/2020\/04\/verheggen-1-647x1024.jpg\" alt=\"\" data-id=\"866\" data-link=\"http:\/\/lire-lier.fr\/?attachment_id=866\" srcset=\"https:\/\/lire-lier.fr\/wp-content\/uploads\/2020\/04\/verheggen-1-647x1024.jpg 647w, https:\/\/lire-lier.fr\/wp-content\/uploads\/2020\/04\/verheggen-1-190x300.jpg 190w, https:\/\/lire-lier.fr\/wp-content\/uploads\/2020\/04\/verheggen-1-768x1215.jpg 768w, https:\/\/lire-lier.fr\/wp-content\/uploads\/2020\/04\/verheggen-1-971x1536.jpg 971w, https:\/\/lire-lier.fr\/wp-content\/uploads\/2020\/04\/verheggen-1-1295x2048.jpg 1295w, https:\/\/lire-lier.fr\/wp-content\/uploads\/2020\/04\/verheggen-1-1200x1898.jpg 1200w, https:\/\/lire-lier.fr\/wp-content\/uploads\/2020\/04\/verheggen-1-1320x2088.jpg 1320w, https:\/\/lire-lier.fr\/wp-content\/uploads\/2020\/04\/verheggen-1-scaled.jpg 1619w\" sizes=\"(max-width: 647px) 100vw, 647px\" \/><\/figure>\r\n<\/li>\r\n<li class=\"blocks-gallery-item\">\r\n<figure><img loading=\"lazy\" width=\"720\" height=\"498\" class=\"wp-image-867\" src=\"http:\/\/lire-lier.fr\/wp-content\/uploads\/2020\/04\/Verheggen-mousse-Bonnaffe-DSCN9336_2_2-2.jpg\" alt=\"\" data-id=\"867\" data-full-url=\"http:\/\/lire-lier.fr\/wp-content\/uploads\/2020\/04\/Verheggen-mousse-Bonnaffe-DSCN9336_2_2-2.jpg\" data-link=\"http:\/\/lire-lier.fr\/?attachment_id=867\" srcset=\"https:\/\/lire-lier.fr\/wp-content\/uploads\/2020\/04\/Verheggen-mousse-Bonnaffe-DSCN9336_2_2-2.jpg 720w, https:\/\/lire-lier.fr\/wp-content\/uploads\/2020\/04\/Verheggen-mousse-Bonnaffe-DSCN9336_2_2-2-300x208.jpg 300w\" sizes=\"(max-width: 720px) 100vw, 720px\" \/><\/figure>\r\n<\/li>\r\n<\/ul>\r\n<figcaption class=\"blocks-gallery-caption\">Textes de Pierre Coran et Carl Norac issu des anthologies Demande aux po\u00e8mes chez Bayard<br \/>On se rappelle ce magnifique duo Jean-Pierre Verheggen avec Jacques Bonnaff\u00e9 L&#8217;oral et Hardi, en CD chez Th\u00e9l\u00e8me puis en spectacle et CD avec la compagnie du faisan (Cie de Jacques Bonnaff\u00e9 )<\/figcaption>\r\n<\/figure>\r\n\r\n\r\n\r\n<p><strong>38e jour de confinement<\/strong> : cela ne vous aura sans doute pas \u00e9chapp\u00e9 : on f\u00eaterait cette ann\u00e9e les 100 ans de <a href=\"https:\/\/www.borisvian.org\/chrono.html\">Boris Vian<\/a>, si le po\u00e8te, chanteur, musicien avait bien pu nous donner quelques ann\u00e9es de vie et de talent en plus. Heureusement il nous laisse une ouverte consid\u00e9rable, pleine de profondeur, de gravit\u00e9 (quant il \u00e9crit au pr\u00e9sident) et pleine de fantaisie (parce qu&#8217;on est pas l\u00e0 pour se faire engueuler&#8230; Nous avons tous un refrain \u00e0 chantonner avec ce troubadour des temps modernes ! Pour revisiter son oeuvre : le site de son <a href=\"https:\/\/centenaireborisvian.com\">centenaire<\/a>. Vivement la fin du confinement pour d\u00e9couvrir le livre du centenaire et si on \u00e9crit une belle lettre \u00e0 la fondation Boris Vian (6 rue Cit\u00e9 V\u00e9ron 75018 Paris) on pourra visiter son appartement au-dessus du Moulin rouge (il avait pour voisin Jacques Pr\u00e9vert !), \u00e7a vaut le d\u00e9tour \ud83d\ude42<\/p>\r\n\r\n\r\n\r\n<blockquote class=\"wp-block-quote\">\r\n<p>&#8220;Je ne veux pas gagner ma vie, je l\u2019ai.&#8221;<\/p>\r\n<cite><em>Boris Vian, <\/em>L&#8217;\u00e9cume des jours<\/cite><\/blockquote>\r\n\r\n\r\n\r\n<figure class=\"wp-block-gallery columns-2 is-cropped\">\r\n<ul class=\"blocks-gallery-grid\">\r\n<li class=\"blocks-gallery-item\">\r\n<figure><img loading=\"lazy\" width=\"750\" height=\"774\" class=\"wp-image-855\" src=\"http:\/\/lire-lier.fr\/wp-content\/uploads\/2020\/04\/photomatons-betes-1.jpg\" alt=\"\" data-id=\"855\" data-link=\"http:\/\/lire-lier.fr\/?attachment_id=855\" srcset=\"https:\/\/lire-lier.fr\/wp-content\/uploads\/2020\/04\/photomatons-betes-1.jpg 750w, https:\/\/lire-lier.fr\/wp-content\/uploads\/2020\/04\/photomatons-betes-1-291x300.jpg 291w\" sizes=\"(max-width: 750px) 100vw, 750px\" \/><\/figure>\r\n<\/li>\r\n<li class=\"blocks-gallery-item\">\r\n<figure><img loading=\"lazy\" width=\"750\" height=\"774\" class=\"wp-image-856\" src=\"http:\/\/lire-lier.fr\/wp-content\/uploads\/2020\/04\/photomatons-betes-2-1.jpg\" alt=\"\" data-id=\"856\" data-full-url=\"http:\/\/lire-lier.fr\/wp-content\/uploads\/2020\/04\/photomatons-betes-2-1.jpg\" data-link=\"http:\/\/lire-lier.fr\/?attachment_id=856\" srcset=\"https:\/\/lire-lier.fr\/wp-content\/uploads\/2020\/04\/photomatons-betes-2-1.jpg 750w, https:\/\/lire-lier.fr\/wp-content\/uploads\/2020\/04\/photomatons-betes-2-1-291x300.jpg 291w\" sizes=\"(max-width: 750px) 100vw, 750px\" \/><\/figure>\r\n<\/li>\r\n<\/ul>\r\n<\/figure>\r\n\r\n\r\n\r\n<p><strong>37e jour de confinement<\/strong> : on continue avec de courtes p\u00e9pites, qui raconte simplement et justement le quotidien et l&#8217;universel, petits tr\u00e9sors sur le matin, l&#8217;oiseau, le soir&#8230; issus d&#8217;un recueil que je recommande : <em>Possibles futurs<\/em> (extraits et critiques sur l&#8217;excellent site <a href=\"https:\/\/www.babelio.com\/livres\/Guillevic-Possibles-futurs\/149672\">Babelio<\/a>) de Guillevic et on peut lire pleins d&#8217;autres po\u00e8mes du po\u00e8te sur ce <a href=\"https:\/\/www.poemes.co\/eugene-guillevic.html\">site<\/a>. Petit moment du soir accompagn\u00e9 de la belle nuit \u00e9toil\u00e9e de Van Gogh.<\/p>\r\n\r\n\r\n\r\n<div class=\"wp-block-media-text alignwide\" style=\"grid-template-columns: 55% auto;\">\r\n<figure class=\"wp-block-media-text__media\"><img loading=\"lazy\" width=\"498\" height=\"400\" class=\"wp-image-850\" src=\"http:\/\/lire-lier.fr\/wp-content\/uploads\/2020\/04\/effets-soir-2.jpg\" alt=\"\" srcset=\"https:\/\/lire-lier.fr\/wp-content\/uploads\/2020\/04\/effets-soir-2.jpg 498w, https:\/\/lire-lier.fr\/wp-content\/uploads\/2020\/04\/effets-soir-2-300x241.jpg 300w\" sizes=\"(max-width: 498px) 100vw, 498px\" \/><\/figure>\r\n<div class=\"wp-block-media-text__content\">\r\n<p style=\"font-size: 19px;\">Patience, patience,<br \/>Les \u00e9toiles !<br \/><br \/>On a de quoi s&#8217;occuper<br \/>Sans vous. <br \/><br \/>Guillevic<\/p>\r\n<\/div>\r\n<\/div>\r\n\r\n\r\n\r\n<p><strong>36e jour de confinement<\/strong> : on fait dans le court, pas par fain\u00e9antise mais parce que dans trois petits vers, tout un monde surgit, c&#8217;est la magie du ha\u00efku et des formes po\u00e9tiques courtes. D\u00e9couvrir les c\u00e9l\u00e8bres ha\u00efkus japonais, et des ha\u00efkus et ha\u00efjins (apparus apr\u00e8s 1945) de femmes r\u00e9unis dans une superbe anthologie publi\u00e9e \u00e0 la Table ronde. Pour lire des sites de ha\u00efkus : l&#8217;<a href=\"https:\/\/www.association-francophone-de-haiku.com\/definition-du-haiku\/#Un_petit_poeme_a_5-7-5_syllabes\">association francophone de ha\u00efkus <\/a>\/ un <a href=\"http:\/\/www.unhaiku.com\/haikus-sur-le-japon.html\">ha\u00efku.com<\/a> \/ une belle s\u00e9lection sur le site <a href=\"https:\/\/www.eternels-eclairs.fr\/haikus-japonais.php\">Eternels \u00e9clairs <\/a><\/p>\r\n\r\n\r\n\r\n<div class=\"wp-block-group\">\r\n<div class=\"wp-block-group__inner-container\">\r\n<div class=\"wp-block-media-text alignwide\">\r\n<figure class=\"wp-block-media-text__media\"><img loading=\"lazy\" width=\"520\" height=\"395\" class=\"wp-image-845\" src=\"http:\/\/lire-lier.fr\/wp-content\/uploads\/2020\/04\/AVT_Chiyo-Ni_8994-2.jpg\" alt=\"\" srcset=\"https:\/\/lire-lier.fr\/wp-content\/uploads\/2020\/04\/AVT_Chiyo-Ni_8994-2.jpg 520w, https:\/\/lire-lier.fr\/wp-content\/uploads\/2020\/04\/AVT_Chiyo-Ni_8994-2-300x228.jpg 300w\" sizes=\"(max-width: 520px) 100vw, 520px\" \/><\/figure>\r\n<div class=\"wp-block-media-text__content\">\r\n<p>Sur le chemin de la fillette,<br \/>Devant, derri\u00e8re,<br \/>Des papillons volent.<\/p>\r\n\r\n\r\n\r\n<p><strong>Chiyo-ni<\/strong>, po\u00e9tesse, bonzesse et peintre du 17e si\u00e8cle !!! (rien que cela, \u00e7a me pla\u00eet !)<\/p>\r\n<\/div>\r\n<\/div>\r\n<\/div>\r\n<\/div>\r\n\r\n\r\n\r\n<div class=\"wp-block-media-text alignwide\" style=\"grid-template-columns: 24% auto;\">\r\n<figure class=\"wp-block-media-text__media\"><img loading=\"lazy\" width=\"195\" height=\"290\" class=\"wp-image-847\" src=\"http:\/\/lire-lier.fr\/wp-content\/uploads\/2020\/04\/product_9782710330080_195x320.jpg\" alt=\"\" \/><\/figure>\r\n<div class=\"wp-block-media-text__content\">\r\n<p>Je mets du rouge \u00e0 l\u00e8vres.<br \/>Dans la glace, se balancent<br \/>les fleurs de cosmos<br \/><br \/><strong>Madoka Mayuzumi<\/strong>, po\u00e9tesse contemporaine<\/p>\r\n<\/div>\r\n<\/div>\r\n\r\n\r\n\r\n<p><strong>35e jour de confinement <\/strong>: on me demande du Pr\u00e9vert, mais oui du Pr\u00e9vert, on a tous les jours besoin de Pr\u00e9vert, mais comment choisir l&#8217;oeuvre est tellement g\u00e9niale alors par les premiers textes lus, po\u00e8mes appris&#8230; bizarrement pour moi et c&#8217;\u00e9tait bien une rencontre dans le bizarre total : c&#8217;\u00e9tait <em>La p\u00eache \u00e0 la baleine<\/em> avec les illustrations superbes et effrayantes d&#8217;Henri Galeron, puis <em>Paroles<\/em>, son plus beau recueil, puis Grand Bal de Printemps, puis&#8230; et parfois juste deux vers magnifiquement agenc\u00e9s :<\/p>\r\n\r\n\r\n\r\n<p>Quand la vie est un collier<br \/>chaque jour est une perle&#8230;<\/p>\r\n\r\n\r\n\r\n<figure class=\"wp-block-gallery columns-2 is-cropped\">\r\n<ul class=\"blocks-gallery-grid\">\r\n<li class=\"blocks-gallery-item\">\r\n<figure><img loading=\"lazy\" width=\"768\" height=\"1024\" class=\"wp-image-836\" src=\"http:\/\/lire-lier.fr\/wp-content\/uploads\/2020\/04\/prevert2-1-768x1024.jpg\" alt=\"\" data-id=\"836\" data-link=\"http:\/\/lire-lier.fr\/?attachment_id=836\" srcset=\"https:\/\/lire-lier.fr\/wp-content\/uploads\/2020\/04\/prevert2-1-768x1024.jpg 768w, https:\/\/lire-lier.fr\/wp-content\/uploads\/2020\/04\/prevert2-1-225x300.jpg 225w, https:\/\/lire-lier.fr\/wp-content\/uploads\/2020\/04\/prevert2-1-1152x1536.jpg 1152w, https:\/\/lire-lier.fr\/wp-content\/uploads\/2020\/04\/prevert2-1-1536x2048.jpg 1536w, https:\/\/lire-lier.fr\/wp-content\/uploads\/2020\/04\/prevert2-1-1200x1600.jpg 1200w, https:\/\/lire-lier.fr\/wp-content\/uploads\/2020\/04\/prevert2-1-1320x1760.jpg 1320w, https:\/\/lire-lier.fr\/wp-content\/uploads\/2020\/04\/prevert2-1-scaled.jpg 1920w\" sizes=\"(max-width: 768px) 100vw, 768px\" \/><\/figure>\r\n<\/li>\r\n<li class=\"blocks-gallery-item\">\r\n<figure><img loading=\"lazy\" width=\"768\" height=\"1024\" class=\"wp-image-837\" src=\"http:\/\/lire-lier.fr\/wp-content\/uploads\/2020\/04\/prevert-2-768x1024.jpg\" alt=\"\" data-id=\"837\" data-link=\"http:\/\/lire-lier.fr\/?attachment_id=837\" srcset=\"https:\/\/lire-lier.fr\/wp-content\/uploads\/2020\/04\/prevert-2-768x1024.jpg 768w, https:\/\/lire-lier.fr\/wp-content\/uploads\/2020\/04\/prevert-2-225x300.jpg 225w, https:\/\/lire-lier.fr\/wp-content\/uploads\/2020\/04\/prevert-2-1152x1536.jpg 1152w, https:\/\/lire-lier.fr\/wp-content\/uploads\/2020\/04\/prevert-2-1536x2048.jpg 1536w, https:\/\/lire-lier.fr\/wp-content\/uploads\/2020\/04\/prevert-2-1200x1600.jpg 1200w, https:\/\/lire-lier.fr\/wp-content\/uploads\/2020\/04\/prevert-2-1320x1760.jpg 1320w, https:\/\/lire-lier.fr\/wp-content\/uploads\/2020\/04\/prevert-2-scaled.jpg 1920w\" sizes=\"(max-width: 768px) 100vw, 768px\" \/><\/figure>\r\n<\/li>\r\n<li class=\"blocks-gallery-item\">\r\n<figure><img loading=\"lazy\" width=\"314\" height=\"160\" class=\"wp-image-838\" src=\"http:\/\/lire-lier.fr\/wp-content\/uploads\/2020\/04\/Unknown-6.jpeg\" alt=\"\" data-id=\"838\" data-full-url=\"http:\/\/lire-lier.fr\/wp-content\/uploads\/2020\/04\/Unknown-6.jpeg\" data-link=\"http:\/\/lire-lier.fr\/?attachment_id=838\" srcset=\"https:\/\/lire-lier.fr\/wp-content\/uploads\/2020\/04\/Unknown-6.jpeg 314w, https:\/\/lire-lier.fr\/wp-content\/uploads\/2020\/04\/Unknown-6-300x153.jpeg 300w\" sizes=\"(max-width: 314px) 100vw, 314px\" \/><\/figure>\r\n<\/li>\r\n<\/ul>\r\n<\/figure>\r\n\r\n\r\n\r\n<p><strong>34e jour de confinement<\/strong> : en regardant le biopic Colette (centr\u00e9 essentiellement mais avec justesse sur sa p\u00e9riode avec Willy), on repense \u00e0 la jeune fille aux grandes nattes, \u00e0 la femme de lettres \u00e0 la vie incroyable, \u00e0 sa grande libert\u00e9 de cr\u00e9ation, de vie amoureuse, et \u00e9videment \u00e0 ses romans et \u00e9crits et \u00e0 son c\u00e9l\u00e8bre personnage Claudine, \u00e0 l&#8217;\u00e9cole, \u00e0 Paris qu&#8217;on peut ici relire &#8230; <a href=\"https:\/\/fr.wikisource.org\/wiki\/Claudine_\u00e0_l\u2019\u00c9cole\/Texte_entier\">Claudine \u00e0 l&#8217;\u00e9cole <\/a>: &#8220;Je m\u2019appelle Claudine, j\u2019habite Montigny\u00a0; j\u2019y suis n\u00e9e en 1884\u00a0; probablement je n\u2019y mourrai pas&#8230;&#8221;<\/p>\r\n\r\n\r\n\r\n<p>&nbsp;<\/p>\r\n\r\n\r\n\r\n<p><strong>33e jour de confinement<\/strong> : allons chercher le bonheur, le sel de la vie, du c\u00f4t\u00e9 d&#8217;un \u00e9crivain heureux : Jean Giono, pour relire le <em><a href=\"https:\/\/fr.wikipedia.org\/wiki\/Le_Hussard_sur_le_toit\">Hussard sur le toit<\/a><\/em>, texte de circonstance, mais aussi ses belles pages, odes \u00e0 la nature dans sa trilogie de Pan \u00a0(<em><a href=\"https:\/\/fr.wikipedia.org\/wiki\/Colline_(roman)\">Colline<\/a><\/em>,\u00a0<em><a href=\"https:\/\/fr.wikipedia.org\/wiki\/Un_de_Baumugnes\">Un de Baumugnes<\/a><\/em>\u00a0et\u00a0<em><a href=\"https:\/\/fr.wikipedia.org\/wiki\/Regain_(roman)\">Regain<\/a><\/em>) De nombreuses oeuvres \u00e0 relire ou \u00e0 <a href=\"https:\/\/www.editionstheleme.com\/produits\/categorie.php?recherche=giono\">\u00e9couter <\/a>par Pierre-Fran\u00e7ois Garel ou Jacques Bonnaff\u00e9, \u00e9galement en livre-audio. Et surtout \u00e9couter l&#8217;\u00e9mouvante interview sur le site de l&#8217;INA : il nous donne ses cl\u00e9s du bonheur \ud83d\ude42<\/p>\r\n\r\n\r\n\r\n<figure class=\"wp-block-image size-large is-resized\"><a href=\"https:\/\/www.ina.fr\/video\/CPF08008627\/entretien-avec-jean-giono-video.html\"><img loading=\"lazy\" class=\"wp-image-815\" src=\"http:\/\/lire-lier.fr\/wp-content\/uploads\/2020\/04\/Capture-d\u2019\u00e9cran-2020-04-18-\u00e0-12.52.23-1024x973.png\" alt=\"\" width=\"266\" height=\"253\" srcset=\"https:\/\/lire-lier.fr\/wp-content\/uploads\/2020\/04\/Capture-d\u2019\u00e9cran-2020-04-18-\u00e0-12.52.23-1024x973.png 1024w, https:\/\/lire-lier.fr\/wp-content\/uploads\/2020\/04\/Capture-d\u2019\u00e9cran-2020-04-18-\u00e0-12.52.23-300x285.png 300w, https:\/\/lire-lier.fr\/wp-content\/uploads\/2020\/04\/Capture-d\u2019\u00e9cran-2020-04-18-\u00e0-12.52.23-768x730.png 768w, https:\/\/lire-lier.fr\/wp-content\/uploads\/2020\/04\/Capture-d\u2019\u00e9cran-2020-04-18-\u00e0-12.52.23-1536x1460.png 1536w, https:\/\/lire-lier.fr\/wp-content\/uploads\/2020\/04\/Capture-d\u2019\u00e9cran-2020-04-18-\u00e0-12.52.23-1200x1141.png 1200w, https:\/\/lire-lier.fr\/wp-content\/uploads\/2020\/04\/Capture-d\u2019\u00e9cran-2020-04-18-\u00e0-12.52.23-1320x1255.png 1320w, https:\/\/lire-lier.fr\/wp-content\/uploads\/2020\/04\/Capture-d\u2019\u00e9cran-2020-04-18-\u00e0-12.52.23.png 1622w\" sizes=\"(max-width: 266px) 100vw, 266px\" \/><\/a><\/figure>\r\n\r\n\r\n\r\n<p><strong>32e jour de confinement <\/strong>: c&#8217;est vendredi, <em>Vendredi ou la vie sauvage <\/em>ou <em>Vendredi et les limbes du Pacifique<\/em>, oeuvres magnifiques de Michel Tournier, r\u00e9\u00e9coutez ses robinsonnades sur <a href=\"https:\/\/www.franceculture.fr\/litterature\/robinson-et-les-robinsonnades-par-michel-tournier-en-1977\">France Culture<\/a>. Un auteur \u00e0 lire et relire pour son pouvoir insatiable de conteur, pour son imaginaire extraordinaire et son regard de cr\u00e9ateur (et d&#8217;amateur de photographies mais nous en reparlerons pour un prochain jour) !<\/p>\r\n\r\n\r\n\r\n<figure class=\"wp-block-gallery columns-4 is-cropped\">\r\n<ul class=\"blocks-gallery-grid\">\r\n<li class=\"blocks-gallery-item\">\r\n<figure><img loading=\"lazy\" width=\"165\" height=\"228\" class=\"wp-image-803\" src=\"http:\/\/lire-lier.fr\/wp-content\/uploads\/2020\/04\/images-4.jpeg\" alt=\"\" data-id=\"803\" data-full-url=\"http:\/\/lire-lier.fr\/wp-content\/uploads\/2020\/04\/images-4.jpeg\" data-link=\"http:\/\/lire-lier.fr\/?attachment_id=803\" \/><\/figure>\r\n<\/li>\r\n<li class=\"blocks-gallery-item\">\r\n<figure><img loading=\"lazy\" width=\"622\" height=\"1024\" class=\"wp-image-804\" src=\"http:\/\/lire-lier.fr\/wp-content\/uploads\/2020\/04\/Vendredi_ou_les_limbes_du_Pacifique-1-622x1024.jpg\" alt=\"\" data-id=\"804\" data-full-url=\"http:\/\/lire-lier.fr\/wp-content\/uploads\/2020\/04\/Vendredi_ou_les_limbes_du_Pacifique-1.jpg\" data-link=\"http:\/\/lire-lier.fr\/?attachment_id=804\" srcset=\"https:\/\/lire-lier.fr\/wp-content\/uploads\/2020\/04\/Vendredi_ou_les_limbes_du_Pacifique-1-622x1024.jpg 622w, https:\/\/lire-lier.fr\/wp-content\/uploads\/2020\/04\/Vendredi_ou_les_limbes_du_Pacifique-1-182x300.jpg 182w, https:\/\/lire-lier.fr\/wp-content\/uploads\/2020\/04\/Vendredi_ou_les_limbes_du_Pacifique-1-768x1265.jpg 768w, https:\/\/lire-lier.fr\/wp-content\/uploads\/2020\/04\/Vendredi_ou_les_limbes_du_Pacifique-1-932x1536.jpg 932w, https:\/\/lire-lier.fr\/wp-content\/uploads\/2020\/04\/Vendredi_ou_les_limbes_du_Pacifique-1-1243x2048.jpg 1243w, https:\/\/lire-lier.fr\/wp-content\/uploads\/2020\/04\/Vendredi_ou_les_limbes_du_Pacifique-1-1200x1977.jpg 1200w, https:\/\/lire-lier.fr\/wp-content\/uploads\/2020\/04\/Vendredi_ou_les_limbes_du_Pacifique-1.jpg 1276w\" sizes=\"(max-width: 622px) 100vw, 622px\" \/><\/figure>\r\n<\/li>\r\n<li class=\"blocks-gallery-item\">\r\n<figure><\/figure>\r\n<\/li>\r\n<li class=\"blocks-gallery-item\">\r\n<figure><img loading=\"lazy\" width=\"695\" height=\"1024\" class=\"wp-image-802\" src=\"http:\/\/lire-lier.fr\/wp-content\/uploads\/2020\/04\/tournier-livresse-695x1024.jpg\" alt=\"\" data-id=\"802\" data-full-url=\"http:\/\/lire-lier.fr\/wp-content\/uploads\/2020\/04\/tournier-livresse-scaled.jpg\" data-link=\"http:\/\/lire-lier.fr\/?attachment_id=802\" srcset=\"https:\/\/lire-lier.fr\/wp-content\/uploads\/2020\/04\/tournier-livresse-695x1024.jpg 695w, https:\/\/lire-lier.fr\/wp-content\/uploads\/2020\/04\/tournier-livresse-203x300.jpg 203w, https:\/\/lire-lier.fr\/wp-content\/uploads\/2020\/04\/tournier-livresse-768x1132.jpg 768w, https:\/\/lire-lier.fr\/wp-content\/uploads\/2020\/04\/tournier-livresse-1042x1536.jpg 1042w, https:\/\/lire-lier.fr\/wp-content\/uploads\/2020\/04\/tournier-livresse-1389x2048.jpg 1389w, https:\/\/lire-lier.fr\/wp-content\/uploads\/2020\/04\/tournier-livresse-1200x1769.jpg 1200w, https:\/\/lire-lier.fr\/wp-content\/uploads\/2020\/04\/tournier-livresse-1320x1946.jpg 1320w, https:\/\/lire-lier.fr\/wp-content\/uploads\/2020\/04\/tournier-livresse-scaled.jpg 1736w\" sizes=\"(max-width: 695px) 100vw, 695px\" \/><\/figure>\r\n<\/li>\r\n<\/ul>\r\n<figcaption class=\"blocks-gallery-caption\">Michel Tournier : 2e interview d&#8217;une excellente revue litt\u00e9raire collector d\u00e9sormais : Livresse !<\/figcaption>\r\n<\/figure>\r\n\r\n\r\n\r\n<p><strong>31e jour de confinement<\/strong> : un peu de joie, de musique, de danse avec <a href=\"https:\/\/didier-jeunesse.com\/collections\/livres-disques-contes-histoires\/be-happy-mes-plus-belles-comedies-musicales-vinyle\">Be Happy<\/a>, ce tr\u00e8s bel album illustr\u00e9 (par S\u00e9bastien Mourrain) chez <a href=\"https:\/\/didier-jeunesse.com\">Didier Jeunesse<\/a> (qui propose de <a href=\"https:\/\/didier-jeunesse.com\/actualites\/vos-initiatives\">belles initiatives<\/a> pour d\u00e9couvrir leurs livres en p\u00e9riode de confinement) et c&#8217;est Susie Morgenstern, l&#8217;autrice jeunesse en personne, qui nous fait d\u00e9couvrir les plus belles com\u00e9dies musicales de son enfance ! Oui Stay Happy, stay home !<\/p>\r\n\r\n\r\n\r\n<div class=\"wp-block-media-text alignwide is-vertically-aligned-center\" style=\"grid-template-columns: 42% auto;\">\r\n<figure class=\"wp-block-media-text__media\"><img loading=\"lazy\" width=\"600\" height=\"591\" class=\"wp-image-796\" src=\"http:\/\/lire-lier.fr\/wp-content\/uploads\/2020\/04\/9782278091119-001-T.jpeg\" alt=\"\" srcset=\"https:\/\/lire-lier.fr\/wp-content\/uploads\/2020\/04\/9782278091119-001-T.jpeg 600w, https:\/\/lire-lier.fr\/wp-content\/uploads\/2020\/04\/9782278091119-001-T-300x296.jpeg 300w\" sizes=\"(max-width: 600px) 100vw, 600px\" \/><\/figure>\r\n<div class=\"wp-block-media-text__content\">\r\n<blockquote class=\"wp-block-quote\">\r\n<p>I&#8217;m singing in the&#8230; living room..<\/p>\r\n<\/blockquote>\r\n<\/div>\r\n<\/div>\r\n\r\n\r\n\r\n<p><strong>30e jour de confinement <\/strong>: pour \u00e9grener nos journ\u00e9es de lectures, des r\u00e9cits mythologiques \u00e9crits en 100 \u00e9pisodes autour d&#8217;un personnage divin et\/ou h\u00e9ro\u00efque. Ces feuilletons (Herm\u00e8s, Th\u00e9s\u00e9e, Ulysse et Art\u00e9mis) \u00e9crits par Muriel Szac, nous permettent de partager avec les enfants, en lecture \u00e0 voix haute, avec des dessins sublimes, l&#8217;univers d&#8217;Hom\u00e8re. Un site <a href=\"https:\/\/lesfeuilletonsdelamythologie.fr\">https:\/\/lesfeuilletonsdelamythologie.fr <\/a>est sp\u00e9cialement d\u00e9di\u00e9 \u00e0 cette collection chez Bayard. De plus, pendant ce confinement, l&#8217;autrice nous livre sa propre lecture \u00e0 voix haute et nous la livre gratuitement sur l&#8217;excellent site <a href=\"https:\/\/app.bayam.tv\/?shortlink=5d820f86&amp;pid=Email&amp;c=news+edito+bayam&amp;fbclid=IwAR0k1BuMuElnnoK561um-c8CfzdeWjX5IrNDijSUykGbXiQ4S4mU25Mrtzk\">Bayam<\/a><\/p>\r\n\r\n\r\n\r\n<figure class=\"wp-block-image size-large\"><img loading=\"lazy\" width=\"723\" height=\"1024\" class=\"wp-image-792\" src=\"http:\/\/lire-lier.fr\/wp-content\/uploads\/2020\/04\/feuilleton-mytho-723x1024.jpg\" alt=\"\" srcset=\"https:\/\/lire-lier.fr\/wp-content\/uploads\/2020\/04\/feuilleton-mytho-723x1024.jpg 723w, https:\/\/lire-lier.fr\/wp-content\/uploads\/2020\/04\/feuilleton-mytho-212x300.jpg 212w, https:\/\/lire-lier.fr\/wp-content\/uploads\/2020\/04\/feuilleton-mytho-768x1087.jpg 768w, https:\/\/lire-lier.fr\/wp-content\/uploads\/2020\/04\/feuilleton-mytho-1085x1536.jpg 1085w, https:\/\/lire-lier.fr\/wp-content\/uploads\/2020\/04\/feuilleton-mytho-1200x1699.jpg 1200w, https:\/\/lire-lier.fr\/wp-content\/uploads\/2020\/04\/feuilleton-mytho.jpg 1239w\" sizes=\"(max-width: 723px) 100vw, 723px\" \/>\r\n<figcaption>Le dernier opus de la collection : Art\u00e9mis (la couverture est plus blanche&#8230; on en est \u00e0 la moiti\u00e9:)<\/figcaption>\r\n<\/figure>\r\n\r\n\r\n\r\n<p><strong>29e jour de confinement<\/strong> : nous voil\u00e0 repartis pour une 28taine, exactement au milieu de notre confinement. Pour notre quarantaine, en attendant&#8230; quoi, qui&#8230; <em><a href=\"http:\/\/www.leseditionsdeminuit.fr\/livre-En_attendant_Godot-1502-1-1-0-1.html\">En attendant Godot<\/a><\/em> alors, la g\u00e9niale pi\u00e8ce de th\u00e9\u00e2tre de Samuel Beckett, publi\u00e9e aux \u00e9ditions de Minuit, jou\u00e9e des milliers de fois par des com\u00e9diens extraordinaires. <br \/>Alors oui en attendant les prochains festivals de th\u00e9\u00e2tre, il faut lire et relire les grandes oeuvres th\u00e9\u00e2trales, pour le classique la <a href=\"https:\/\/www.comedie-francaise.fr\">Com\u00e9die fran\u00e7aise<\/a> continue et du c\u00f4t\u00e9 des contemporains au th\u00e9\u00e2tre de la <a href=\"https:\/\/www.colline.fr\">Colline<\/a>, suivre les pens\u00e9es du talentueux dramaturge Wadji Mouawad !<\/p>\r\n\r\n\r\n\r\n<figure class=\"wp-block-gallery columns-2\">\r\n<ul class=\"blocks-gallery-grid\">\r\n<li class=\"blocks-gallery-item\">\r\n<figure><img loading=\"lazy\" width=\"180\" height=\"281\" class=\"wp-image-787\" src=\"http:\/\/lire-lier.fr\/wp-content\/uploads\/2020\/04\/Unknown-4-1.jpeg\" alt=\"\" data-id=\"787\" data-link=\"http:\/\/lire-lier.fr\/?attachment_id=787\" \/><\/figure>\r\n<\/li>\r\n<li class=\"blocks-gallery-item\">\r\n<figure><\/figure>\r\n<\/li>\r\n<\/ul>\r\n<figcaption class=\"blocks-gallery-caption\">&#8220;La fin est dans le commencement et cependant on continue.&#8221; Fin de partie Samuel Beckett<\/figcaption>\r\n<\/figure>\r\n\r\n\r\n\r\n<p><strong>28e jour de confinement<\/strong> : lundi de P\u00e2ques, jour de la R\u00e9surrection, \u00abhuiti\u00e8me jour\u00bb destin\u00e9 \u00e0 durer toute une semaine de sept dimanches et \u00e0 pr\u00e9figurer une \u00e9ternit\u00e9 paisible et radieuse, lit-on chez les sp\u00e9cialistes est-ce \u00e0 dire que nous inaugurons une nouvelle quarantaine ? Alors un peu de spiritualit\u00e9 dans nos lectures avec les belles pages de Christian Bobin, po\u00e9tiques, simples, apaisantes de mon recueil pr\u00e9f\u00e9r\u00e9 <a href=\"http:\/\/www.gallimard.fr\/Catalogue\/GALLIMARD\/Folio\/Folio\/Une-petite-robe-de-fete\">Une petite robe de f\u00eate<\/a>, \u00e0 relire \u00e9galement <em>Le Tr\u00e8s-bas<\/em>, <em>La part manquante<\/em>&#8230;<\/p>\r\n\r\n\r\n\r\n<div class=\"wp-block-media-text alignwide\" style=\"grid-template-columns: 31% auto;\">\r\n<figure class=\"wp-block-media-text__media\"><img loading=\"lazy\" width=\"350\" height=\"568\" class=\"wp-image-782\" src=\"http:\/\/lire-lier.fr\/wp-content\/uploads\/2020\/04\/Christian-Bobin-Une-petite-robe-de-f\u00eate-1.jpg\" alt=\"\" srcset=\"https:\/\/lire-lier.fr\/wp-content\/uploads\/2020\/04\/Christian-Bobin-Une-petite-robe-de-f\u00eate-1.jpg 350w, https:\/\/lire-lier.fr\/wp-content\/uploads\/2020\/04\/Christian-Bobin-Une-petite-robe-de-f\u00eate-1-185x300.jpg 185w\" sizes=\"(max-width: 350px) 100vw, 350px\" \/><\/figure>\r\n<div class=\"wp-block-media-text__content\">\r\n<blockquote class=\"wp-block-quote\">\r\n<p><em><strong>Ode \u00e0 la lecture <\/strong><\/em><\/p>\r\n<p>&#8220;<em>Les livres aim\u00e9s se m\u00ealent au pain que vous mangez. Ils connaissent le m\u00eame sort que les visages entrevus, que les journ\u00e9es limpides d&#8217;automne et que toute beaut\u00e9 dans la vie : ils ignorent la porte de la conscience, se glissent en vous par la fen\u00eatre du songe et se faufilent jusqu&#8217;\u00e0 une pi\u00e8ce o\u00f9 vous n&#8217;allez jamais, la plus profonde, la plus retir\u00e9e. Des heures et des heures de lecture pour cette l\u00e9g\u00e8re teinture de l&#8217;\u00e2me, pour cette infime variation de l&#8217;invisible en vous, dans votre choix, dans vos yeux, dans vos fa\u00e7ons d&#8217;aller et de faire. A quoi \u00e7a sert de lire. A rien ou presque. C&#8217;est comme aimer, comme jouer. C&#8217;est comme prier. Les livres sont des chapelets d&#8217;encre noire, chaque grain roulant entre les doigts, mot apr\u00e8s mot. Et c&#8217;est quoi, au juste, prier. C&#8217;est faire silence. C&#8217;est s&#8217;\u00e9loigner le soir dans le silence.&#8221;\u00a0<\/em><strong>Christian Bobin <\/strong><\/p>\r\n<\/blockquote>\r\n<\/div>\r\n<\/div>\r\n\r\n\r\n\r\n<p><strong>27e jour de confinement<\/strong> : dimanche de P\u00e2ques, joli temps d&#8217;avril et l&#8217;appel irr\u00e9sistible de partir \u00e0 la chasse aux oeufs&#8230; de suivre ce petit lapin de la po\u00e9tesse Jeanne Marvig ou de chantonner : &#8220;Le bonheur est dans le pr\u00e9. Cours-y vite, cours-y vite. Le bonheur est dans le pr\u00e9, cours-y vite. Il va filer&#8230; &#8221; avec Paul Fort.<\/p>\r\n\r\n\r\n\r\n<div class=\"wp-block-media-text alignwide\" style=\"grid-template-columns: 30% auto;\">\r\n<figure class=\"wp-block-media-text__media\"><img loading=\"lazy\" width=\"356\" height=\"862\" class=\"wp-image-776\" src=\"http:\/\/lire-lier.fr\/wp-content\/uploads\/2020\/04\/lapinmasque1.jpg\" alt=\"\" srcset=\"https:\/\/lire-lier.fr\/wp-content\/uploads\/2020\/04\/lapinmasque1.jpg 356w, https:\/\/lire-lier.fr\/wp-content\/uploads\/2020\/04\/lapinmasque1-124x300.jpg 124w\" sizes=\"(max-width: 356px) 100vw, 356px\" \/><\/figure>\r\n<div class=\"wp-block-media-text__content\">\r\n<p>Le petit lapin<\/p>\r\n\r\n\r\n\r\n<p>Dans le pr\u00e9 qui vers l&#8217;eau d\u00e9vale,<br \/>Un lapin sauvage d\u00e9tale.<br \/>Un saut bref, un rapide \u00e9lan,<br \/>Et montrant son panache blanc,<br \/>Il fuit vers la for\u00eat prochaine<br \/>Une touche de marjolaine<br \/>L&#8217;arr\u00eate un peu, faisant le guet.<br \/>Il entrouvre un \u0153il inquiet,<br \/>Et, seule, son oreille bouge !<br \/>Un bond brusque dans le foin rouge,<br \/>Et, n&#8217;entendant plus aucun bruit,<br \/>Le nez au vent, humant la nuit<br \/>O\u00f9 d\u00e9j\u00e0 la lune se l\u00e8ve,<br \/>Assis sur son derri\u00e8re, il r\u00eave.<br \/><strong>Jeanne Marvig<\/strong><\/p>\r\n\r\n\r\n\r\n<p><em>Petit lapin masqu\u00e9 d&#8217;un tr\u00e8s bon chocolatier du Pr\u00e9 !<\/em><\/p>\r\n<\/div>\r\n<\/div>\r\n\r\n\r\n\r\n<p><strong>26e jour de confinement<\/strong> : on pense \u00e0 ce qui nous manque le plus : voir ceux qu&#8217;on aime, autrement qu&#8217;\u00e0 travers un \u00e9cran ou avec la distanciation sociale in\u00e9vitable (quelle horrible expression !) et on peut relire une saga extraordinaire sur les relations humaines et une amiti\u00e9 complexe : <a href=\"http:\/\/www.gallimard.fr\/Catalogue\/GALLIMARD\/Du-monde-entier\/L-amie-prodigieuse\">L&#8217;amie prodigieuse<\/a> d&#8217;Helena Ferrante, chez Gallimard. A voir \u00e9galement la s\u00e9rie, bien adapt\u00e9e sur <a href=\"https:\/\/www.programme-tv.net\/news\/evenement\/mycanal-series-films-et-doc-sur-mycanal\/220790-lamie-prodigieuse-cinq-choses-a-savoir-sur-la-serie-de-canal\/\">canal+<\/a>(mais apr\u00e8s le livre, persiste toujours une pointe de d\u00e9ception, celle de poser des images sur le propre film que l&#8217;on s&#8217;est construit avec les mots de l&#8217;\u00e9crivaine). Dans le genre de saga familiale, sociale, italienne je ne saurais que recommander les 4 films <a href=\"https:\/\/www.senscritique.com\/film\/Nos_meilleures_annees\/417061\">Nos meilleures ann\u00e9es<\/a> : merci chers cr\u00e9ateurs pour ces beaux souvenirs d&#8217;\u00e9t\u00e9 de lectures et de films&#8230; avec l&#8217;espoir que pour cet \u00e9t\u00e9 nous aurons le prochain roman d&#8217;Helena Ferrante \u00e0 para\u00eetre en juin chez Gallimard, on croise les doigts !<\/p>\r\n\r\n\r\n\r\n<figure class=\"wp-block-gallery columns-4 is-cropped\">\r\n<ul class=\"blocks-gallery-grid\">\r\n<li class=\"blocks-gallery-item\">\r\n<figure><img loading=\"lazy\" width=\"864\" height=\"864\" class=\"wp-image-767\" src=\"http:\/\/lire-lier.fr\/wp-content\/uploads\/2020\/04\/1180603068.jpg\" alt=\"\" data-id=\"767\" data-full-url=\"http:\/\/lire-lier.fr\/wp-content\/uploads\/2020\/04\/1180603068.jpg\" data-link=\"http:\/\/lire-lier.fr\/?attachment_id=767\" srcset=\"https:\/\/lire-lier.fr\/wp-content\/uploads\/2020\/04\/1180603068.jpg 864w, https:\/\/lire-lier.fr\/wp-content\/uploads\/2020\/04\/1180603068-300x300.jpg 300w, https:\/\/lire-lier.fr\/wp-content\/uploads\/2020\/04\/1180603068-150x150.jpg 150w, https:\/\/lire-lier.fr\/wp-content\/uploads\/2020\/04\/1180603068-768x768.jpg 768w\" sizes=\"(max-width: 864px) 100vw, 864px\" \/>\r\n<figcaption class=\"blocks-gallery-item__caption\">L&#8217;amie prodigieuse 1<\/figcaption>\r\n<\/figure>\r\n<\/li>\r\n<li class=\"blocks-gallery-item\">\r\n<figure><img loading=\"lazy\" width=\"350\" height=\"512\" class=\"wp-image-769\" src=\"http:\/\/lire-lier.fr\/wp-content\/uploads\/2020\/04\/unnamed.jpg\" alt=\"\" data-id=\"769\" data-full-url=\"http:\/\/lire-lier.fr\/wp-content\/uploads\/2020\/04\/unnamed.jpg\" data-link=\"http:\/\/lire-lier.fr\/?attachment_id=769\" srcset=\"https:\/\/lire-lier.fr\/wp-content\/uploads\/2020\/04\/unnamed.jpg 350w, https:\/\/lire-lier.fr\/wp-content\/uploads\/2020\/04\/unnamed-205x300.jpg 205w\" sizes=\"(max-width: 350px) 100vw, 350px\" \/>\r\n<figcaption class=\"blocks-gallery-item__caption\">L&#8217;amie prodigieuse 2<\/figcaption>\r\n<\/figure>\r\n<\/li>\r\n<li class=\"blocks-gallery-item\">\r\n<figure><img loading=\"lazy\" width=\"186\" height=\"271\" class=\"wp-image-768\" src=\"http:\/\/lire-lier.fr\/wp-content\/uploads\/2020\/04\/images-2.jpeg\" alt=\"\" data-id=\"768\" data-full-url=\"http:\/\/lire-lier.fr\/wp-content\/uploads\/2020\/04\/images-2.jpeg\" data-link=\"http:\/\/lire-lier.fr\/?attachment_id=768\" \/>\r\n<figcaption class=\"blocks-gallery-item__caption\">L&#8217;amie prodigieuse 3<\/figcaption>\r\n<\/figure>\r\n<\/li>\r\n<li class=\"blocks-gallery-item\">\r\n<figure><img loading=\"lazy\" width=\"185\" height=\"272\" class=\"wp-image-770\" src=\"http:\/\/lire-lier.fr\/wp-content\/uploads\/2020\/04\/images-1-1.jpeg\" alt=\"\" data-id=\"770\" data-full-url=\"http:\/\/lire-lier.fr\/wp-content\/uploads\/2020\/04\/images-1-1.jpeg\" data-link=\"http:\/\/lire-lier.fr\/?attachment_id=770\" \/>\r\n<figcaption class=\"blocks-gallery-item__caption\">L&#8217;amie prodigieuse 4<\/figcaption>\r\n<\/figure>\r\n<\/li>\r\n<\/ul>\r\n<\/figure>\r\n\r\n\r\n\r\n<p><strong>25 jour de confinement<\/strong> : on ne l&#8217;aura pas oubli\u00e9, cette fameuse ann\u00e9e 2020 est l&#8217;ann\u00e9e de La BD, et on peut faire le plein de lectures gratuites sur des sites d&#8217;\u00e9diteurs comme Dargaud ou autre :<a href=\"https:\/\/www.lesnumeriques.com\/liseuse\/des-bd-en-ligne-gratuites-avec-dargaud-bamboo-delcourt-et-les-editions-du-soleil-n148831.html\"> une s\u00e9lection de t\u00e9l\u00e9chargements<\/a>. Pour ma part je me d\u00e9lecte de la petite s\u00e9rie de BD d&#8217;une petite fille de 10 ans, Nina : Les Chats du quartier ! (attention manuscrit livr\u00e9 tel quel avant corrections et impression)<\/p>\r\n\r\n\r\n\r\n<div class=\"wp-block-group\">\r\n<div class=\"wp-block-group__inner-container\">\r\n<figure class=\"wp-block-gallery columns-3 is-cropped\">\r\n<ul class=\"blocks-gallery-grid\">\r\n<li class=\"blocks-gallery-item\">\r\n<figure><img loading=\"lazy\" width=\"723\" height=\"1024\" class=\"wp-image-735\" src=\"http:\/\/lire-lier.fr\/wp-content\/uploads\/2020\/04\/BD1-a-723x1024.jpg\" alt=\"\" data-id=\"735\" srcset=\"https:\/\/lire-lier.fr\/wp-content\/uploads\/2020\/04\/BD1-a-723x1024.jpg 723w, https:\/\/lire-lier.fr\/wp-content\/uploads\/2020\/04\/BD1-a-212x300.jpg 212w, https:\/\/lire-lier.fr\/wp-content\/uploads\/2020\/04\/BD1-a-768x1087.jpg 768w, https:\/\/lire-lier.fr\/wp-content\/uploads\/2020\/04\/BD1-a-1085x1536.jpg 1085w, https:\/\/lire-lier.fr\/wp-content\/uploads\/2020\/04\/BD1-a-1200x1699.jpg 1200w, https:\/\/lire-lier.fr\/wp-content\/uploads\/2020\/04\/BD1-a.jpg 1239w\" sizes=\"(max-width: 723px) 100vw, 723px\" \/>\r\n<figcaption class=\"blocks-gallery-item__caption\"><a href=\"http:\/\/lire-lier.fr\/wp-content\/uploads\/2020\/04\/BD1-1.pdf\">http:\/\/lire-lier.fr\/wp-content\/uploads\/2020\/04\/BD1-1.pdf<\/a><\/figcaption>\r\n<\/figure>\r\n<\/li>\r\n<li class=\"blocks-gallery-item\">\r\n<figure><a href=\"http:\/\/lire-lier.fr\/?attachment_id=741\"><img loading=\"lazy\" width=\"723\" height=\"1024\" class=\"wp-image-741\" src=\"http:\/\/lire-lier.fr\/wp-content\/uploads\/2020\/04\/BD2-b-1-723x1024.jpg\" alt=\"\" data-id=\"741\" data-link=\"http:\/\/lire-lier.fr\/?attachment_id=741\" srcset=\"https:\/\/lire-lier.fr\/wp-content\/uploads\/2020\/04\/BD2-b-1-723x1024.jpg 723w, https:\/\/lire-lier.fr\/wp-content\/uploads\/2020\/04\/BD2-b-1-212x300.jpg 212w, https:\/\/lire-lier.fr\/wp-content\/uploads\/2020\/04\/BD2-b-1-768x1087.jpg 768w, https:\/\/lire-lier.fr\/wp-content\/uploads\/2020\/04\/BD2-b-1-1085x1536.jpg 1085w, https:\/\/lire-lier.fr\/wp-content\/uploads\/2020\/04\/BD2-b-1-1200x1699.jpg 1200w, https:\/\/lire-lier.fr\/wp-content\/uploads\/2020\/04\/BD2-b-1.jpg 1239w\" sizes=\"(max-width: 723px) 100vw, 723px\" \/><\/a>\r\n<figcaption class=\"blocks-gallery-item__caption\"><a href=\"http:\/\/lire-lier.fr\/wp-content\/uploads\/2020\/04\/BD2.pdf\">http:\/\/lire-lier.fr\/wp-content\/uploads\/2020\/04\/BD2.pdf<\/a><\/figcaption>\r\n<\/figure>\r\n<\/li>\r\n<li class=\"blocks-gallery-item\">\r\n<figure><a href=\"http:\/\/lire-lier.fr\/?attachment_id=742\"><img loading=\"lazy\" width=\"723\" height=\"1024\" class=\"wp-image-742\" src=\"http:\/\/lire-lier.fr\/wp-content\/uploads\/2020\/04\/BD3-b-1-723x1024.jpg\" alt=\"\" data-id=\"742\" data-link=\"http:\/\/lire-lier.fr\/?attachment_id=742\" srcset=\"https:\/\/lire-lier.fr\/wp-content\/uploads\/2020\/04\/BD3-b-1-723x1024.jpg 723w, https:\/\/lire-lier.fr\/wp-content\/uploads\/2020\/04\/BD3-b-1-212x300.jpg 212w, https:\/\/lire-lier.fr\/wp-content\/uploads\/2020\/04\/BD3-b-1-768x1087.jpg 768w, https:\/\/lire-lier.fr\/wp-content\/uploads\/2020\/04\/BD3-b-1-1085x1536.jpg 1085w, https:\/\/lire-lier.fr\/wp-content\/uploads\/2020\/04\/BD3-b-1-1200x1699.jpg 1200w, https:\/\/lire-lier.fr\/wp-content\/uploads\/2020\/04\/BD3-b-1.jpg 1239w\" sizes=\"(max-width: 723px) 100vw, 723px\" \/><\/a>\r\n<figcaption class=\"blocks-gallery-item__caption\"><a href=\"http:\/\/lire-lier.fr\/wp-content\/uploads\/2020\/04\/BD3.pdf\">http:\/\/lire-lier.fr\/wp-content\/uploads\/2020\/04\/BD3.pdf<\/a><\/figcaption>\r\n<\/figure>\r\n<\/li>\r\n<li class=\"blocks-gallery-item\">\r\n<figure><a href=\"http:\/\/lire-lier.fr\/?attachment_id=753\"><img loading=\"lazy\" width=\"1024\" height=\"682\" class=\"wp-image-753\" src=\"http:\/\/lire-lier.fr\/wp-content\/uploads\/2020\/04\/BD4-1024x682.jpg\" alt=\"\" data-id=\"753\" data-full-url=\"http:\/\/lire-lier.fr\/wp-content\/uploads\/2020\/04\/BD4.jpg\" data-link=\"http:\/\/lire-lier.fr\/?attachment_id=753\" srcset=\"https:\/\/lire-lier.fr\/wp-content\/uploads\/2020\/04\/BD4-1024x682.jpg 1024w, https:\/\/lire-lier.fr\/wp-content\/uploads\/2020\/04\/BD4-300x200.jpg 300w, https:\/\/lire-lier.fr\/wp-content\/uploads\/2020\/04\/BD4-768x511.jpg 768w, https:\/\/lire-lier.fr\/wp-content\/uploads\/2020\/04\/BD4-1536x1022.jpg 1536w, https:\/\/lire-lier.fr\/wp-content\/uploads\/2020\/04\/BD4-1200x799.jpg 1200w, https:\/\/lire-lier.fr\/wp-content\/uploads\/2020\/04\/BD4-1320x879.jpg 1320w, https:\/\/lire-lier.fr\/wp-content\/uploads\/2020\/04\/BD4.jpg 1938w\" sizes=\"(max-width: 1024px) 100vw, 1024px\" \/><\/a>\r\n<figcaption class=\"blocks-gallery-item__caption\"><a href=\"http:\/\/lire-lier.fr\/wp-content\/uploads\/2020\/04\/BD4.jpg\">http:\/\/lire-lier.fr\/wp-content\/uploads\/2020\/04\/BD4.jpg<\/a><\/figcaption>\r\n<\/figure>\r\n<\/li>\r\n<\/ul>\r\n<figcaption class=\"blocks-gallery-caption\">1)La d\u00e9cision 2)Le feignant 3) Une dispute pour rien 4) La petite cr\u00e8che des chats 5) la piscine des chats 6) La maison de retraite pour chats 7) L&#8217;infirmerie 8) Le maladroit 9) la chasse aux souris 10) Le march\u00e9 des chats &#8211; liens en PDF sur les images<\/figcaption>\r\n<\/figure>\r\n<\/div>\r\n<\/div>\r\n\r\n\r\n\r\n<p><strong>24e jour de confinement<\/strong> : et la vie devant nous, n&#8217;est-ce pas : Quand je pense \u00e0 cette expression je pense bien \u00e9videmment \u00e0 <em>La vie devant soi<\/em> de Roman Gary\/ Emile Ajar, superbe roman qui obtient le prix Goncourt en 1975. Si on a dans nos biblioth\u00e8ques un livre de ce grand romancier (Education europ\u00e9enne, La promesse de l&#8217;Aube, Les racines du ciel, Gros-C\u00e2lin&#8230;) alors oui il faut les lire et relire, et si en plus on a la biographie de Myriam Anissimov chez <a href=\"http:\/\/www.denoel.fr\/Catalogue\/DENOEL\/Hors-collection\/Biographies\/Romain-Gary-le-cameleon\">Deno\u00ebl<\/a>, on replonge dans la vie incroyable de cet auteur gr\u00e2ce \u00e9galement aux nombreux documentaires sur <a href=\"https:\/\/www.franceculture.fr\/personne\/romain-gary\">France Culture<\/a> ou sur l&#8217;<a href=\"https:\/\/m.ina.fr\/recherche\/search?search=Romain+Gary+&amp;start=1900&amp;end=2020&amp;vue=Video\">INA<\/a><\/p>\r\n\r\n\r\n\r\n<div class=\"wp-block-media-text alignwide\" style=\"grid-template-columns: 32% auto;\">\r\n<figure class=\"wp-block-media-text__media\"><img loading=\"lazy\" width=\"768\" height=\"1024\" class=\"wp-image-727\" src=\"http:\/\/lire-lier.fr\/wp-content\/uploads\/2020\/04\/biographie-768x1024.jpg\" alt=\"\" srcset=\"https:\/\/lire-lier.fr\/wp-content\/uploads\/2020\/04\/biographie-768x1024.jpg 768w, https:\/\/lire-lier.fr\/wp-content\/uploads\/2020\/04\/biographie-225x300.jpg 225w, https:\/\/lire-lier.fr\/wp-content\/uploads\/2020\/04\/biographie-1152x1536.jpg 1152w, https:\/\/lire-lier.fr\/wp-content\/uploads\/2020\/04\/biographie-1536x2048.jpg 1536w, https:\/\/lire-lier.fr\/wp-content\/uploads\/2020\/04\/biographie-1200x1600.jpg 1200w, https:\/\/lire-lier.fr\/wp-content\/uploads\/2020\/04\/biographie-1320x1760.jpg 1320w, https:\/\/lire-lier.fr\/wp-content\/uploads\/2020\/04\/biographie-scaled.jpg 1920w\" sizes=\"(max-width: 768px) 100vw, 768px\" \/><\/figure>\r\n<div class=\"wp-block-media-text__content\">\r\n<p>Vous voyez La biographie de Romain Gary se trouve juste \u00e0 c\u00f4t\u00e9 de l&#8217;excellente <a href=\"http:\/\/www.gallimard.fr\/Catalogue\/GALLIMARD\/NRF-Biographies\/Marguerite-Duras\">biographie de Marguerite Duras<\/a> par Laure Adler chez Gallimard que je vous conseille \u00e9videmment !<\/p>\r\n<\/div>\r\n<\/div>\r\n\r\n\r\n\r\n<p><strong>23e jour de confinement<\/strong> : quoi de mieux qu&#8217;une s\u00e9lection de livres pour enfants et adolescents en ce mercredi, une liste concoct\u00e9e chaque ann\u00e9e depuis plus de 30 ans par l&#8217;essentielle association <a href=\"https:\/\/www.lesincos.com\/selection-32\/2020-2021.html\">Le Prix des Incorruptibles<\/a>, et ses nombreux alli\u00e9.es (biblioth\u00e9caires, libraires, enseignant.es) pour faire lire des milliers d&#8217;\u00e9l\u00e8ves en classe chaque ann\u00e9e !<\/p>\r\n\r\n\r\n\r\n<div class=\"wp-block-media-text alignwide\" style=\"grid-template-columns: 30% auto;\">\r\n<figure class=\"wp-block-media-text__media\"><img loading=\"lazy\" width=\"187\" height=\"270\" class=\"wp-image-724\" src=\"http:\/\/lire-lier.fr\/wp-content\/uploads\/2020\/04\/Unknown-1-1.jpeg\" alt=\"\" \/><\/figure>\r\n<div class=\"wp-block-media-text__content\">\r\n<p>Heureuse de voir dans la s\u00e9lection 5e\/4e l&#8217;exp\u00e9dition fantastique <a href=\"http:\/\/www.auzou.fr\/accueil\/1579-aurora-l-expedition-fantastique-9782733866917.html\">Aurora<\/a> de Washti Hardy chez Auzou et bonne nouvelle la suite va bient\u00f4t sortir&#8230; \ud83d\ude42<\/p>\r\n<\/div>\r\n<\/div>\r\n\r\n\r\n\r\n<p><strong>22e jour de confinement<\/strong> : lecture et \u00e9criture, on revient avec Emergences 1 2 et bient\u00f4t 3 avec la Charte des auteurs et illustrateurs pour la jeunesse : l&#8217;occasion de relire de tr\u00e8s bonnes nouvelles et \u00e7a \u00e7a fait du bien des bonnes nouvelles ! Les deux premi\u00e8res versions en anglais avec l&#8217;excellent traducteur Vineet Lal, lire les nouvelles 2019 et se lancer dans le prochain concours <a href=\"https:\/\/www.la-charte.fr\/actualites\/appel-a-candidatures-emergences-3-saison-3\/\">Emergences 2020<\/a> avec cette nouvelle phrase d&#8217;accroche : La preuve \u00e9tait l\u00e0, sous mon nez&#8221;<\/p>\r\n\r\n\r\n\r\n<div class=\"wp-block-media-text alignwide is-stacked-on-mobile\" style=\"grid-template-columns: 32% auto;\">\r\n<figure class=\"wp-block-media-text__media\"><img loading=\"lazy\" width=\"558\" height=\"748\" class=\"wp-image-718\" src=\"http:\/\/lire-lier.fr\/wp-content\/uploads\/2020\/04\/Emergences2019.jpg\" alt=\"\" srcset=\"https:\/\/lire-lier.fr\/wp-content\/uploads\/2020\/04\/Emergences2019.jpg 558w, https:\/\/lire-lier.fr\/wp-content\/uploads\/2020\/04\/Emergences2019-224x300.jpg 224w\" sizes=\"(max-width: 558px) 100vw, 558px\" \/><\/figure>\r\n<div class=\"wp-block-media-text__content\">\r\n<ul>\r\n<li>Lire <a href=\"https:\/\/www.la-charte.fr\/wp-content\/uploads\/2019\/12\/MAQUETTE_EMERGENCES_09.pdf\">Emergences 2018<\/a><\/li>\r\n<li>Lire <a href=\"https:\/\/archile.fr\/RisingStar.pdf\">Risings Stars 2018<\/a><\/li>\r\n<\/ul>\r\n\r\n\r\n\r\n<ul>\r\n<li>Lire <a href=\"https:\/\/www.la-charte.fr\/wp-content\/uploads\/2019\/12\/MAQUETTE_EMERGENCES2_003c.pdf\">Emergences 2019<\/a><\/li>\r\n<li>Lire <a href=\"https:\/\/archile.fr\/MAQUETTE_EMERGENCES-Anglais.pdf\">Rising Stars 2019<\/a><\/li>\r\n<\/ul>\r\n<\/div>\r\n<\/div>\r\n\r\n\r\n\r\n<p><strong>21 jour de confinement<\/strong> : et surtout le jour de mon anniversaire&#8230; eh oui rien trouv\u00e9 en litt\u00e9rature pour d\u00e9finir ce moment particulier alors quelques modestes lignes inspir\u00e9es de ce curieux moment et serait heureuse de lire vos textes, r\u00e9flexions, vers, prose, dessins \u00e0 vous ch\u00e8res autrices et chers auteurs qui nous raconterez dans quelques temps ce temps suspendu \ud83d\ude42<\/p>\r\n\r\n\r\n\r\n<div class=\"wp-block-group\">\r\n<div class=\"wp-block-group__inner-container\">\r\n<div class=\"wp-block-media-text alignwide is-stacked-on-mobile is-image-fill\" style=\"grid-template-columns: 36% auto;\">\r\n<figure class=\"wp-block-media-text__media\" style=\"background-image: url('http:\/\/lire-lier.fr\/wp-content\/uploads\/2020\/04\/bougie-2-1024x768.jpg'); background-position: 50% 50%;\"><img loading=\"lazy\" width=\"1024\" height=\"768\" class=\"wp-image-710\" src=\"http:\/\/lire-lier.fr\/wp-content\/uploads\/2020\/04\/bougie-2-1024x768.jpg\" alt=\"\" srcset=\"https:\/\/lire-lier.fr\/wp-content\/uploads\/2020\/04\/bougie-2-1024x768.jpg 1024w, https:\/\/lire-lier.fr\/wp-content\/uploads\/2020\/04\/bougie-2-300x225.jpg 300w, https:\/\/lire-lier.fr\/wp-content\/uploads\/2020\/04\/bougie-2-768x576.jpg 768w, https:\/\/lire-lier.fr\/wp-content\/uploads\/2020\/04\/bougie-2-1536x1152.jpg 1536w, https:\/\/lire-lier.fr\/wp-content\/uploads\/2020\/04\/bougie-2-2048x1536.jpg 2048w, https:\/\/lire-lier.fr\/wp-content\/uploads\/2020\/04\/bougie-2-1200x900.jpg 1200w, https:\/\/lire-lier.fr\/wp-content\/uploads\/2020\/04\/bougie-2-1320x990.jpg 1320w\" sizes=\"(max-width: 1024px) 100vw, 1024px\" \/><\/figure>\r\n<div class=\"wp-block-media-text__content\">\r\n<figure class=\"wp-block-pullquote alignleft\">\r\n<blockquote>\r\n<p><em>Le jour j, le seul jour immuable <\/em> <br \/><em>qui devait arriver imperturbable :<\/em> <br \/><br \/><em>le jour anniversaire !<\/em><\/p>\r\n<p><em>Rendez-vous qui tient ses promesses, toujours,\u00a0<\/em><br \/><em>Au milieu de l\u2019inattendu\u00a0<\/em> <br \/><em>ce petit et grand jour\u00a0<\/em><br \/><em>bien que confin\u00e9 continue\u00a0<\/em> <br \/><em>de faire filer le sablier<\/em><br \/><em>Il sera cette ann\u00e9e\u00a0<\/em><br \/><em>en huis clos ou masqu\u00e9<\/em><br \/><em>mais reviendra dans un an <\/em><br \/><em>pr\u00e9cis\u00e9ment, <\/em><br \/><em>sur un air de fiesta<\/em> <br \/><em>sous le soleil et le vent<\/em><\/p>\r\n<\/blockquote>\r\n<\/figure>\r\n\r\n\r\n\r\n<p>&nbsp;<\/p>\r\n<\/div>\r\n<\/div>\r\n<\/div>\r\n<\/div>\r\n\r\n\r\n\r\n<p><strong>20e jour de confinement<\/strong> : c&#8217;est la moiti\u00e9 de la quarantaine litt\u00e9raire, le moment de se diriger <a href=\"https:\/\/www.editionstheleme.com\/s\/36186_248884_livre-audio-vers-la-sobriete-heureuse-pierre-rabhi\">Vers une sobri\u00e9t\u00e9 heureuse<\/a> avec Pierre Rabhi, de d\u00e9couvrir <a href=\"https:\/\/www.editionstheleme.com\/s\/26376_294354_pauline\">Pauline<\/a>, l&#8217;h\u00e9ro\u00efne d&#8217;Alexandre Dumas ou de partir sur l&#8217;<a href=\"https:\/\/www.editionstheleme.com\/s\/20077_100544_l-ile-au-tresor-robert-louis-stevenson-livre-audio-cd-mp3-et-telechargement?fbclid=IwAR1L5PQjra2Tthy0oUd5Jl0YWnw0eVuLQ7ucrUVOPjbfiZ9NAPnlt0OKNVk\">Ile au tr\u00e9sor <\/a>avec Stevenson. Et tout cela gratuitement \u00e0 l&#8217;\u00e9coute des oeuvres gr\u00e2ce \u00e0 l&#8217;offre exceptionnelle offerte par les \u00e9ditions Th\u00e9l\u00e8me pour ces trois titres et <a href=\"https:\/\/www.editionstheleme.com\/s\/19800_livres-audio-a-petits-prix\">50 % sur une s\u00e9lection<\/a><\/p>\r\n\r\n\r\n\r\n<div class=\"wp-block-media-text alignwide\" style=\"grid-template-columns: 47% auto;\">\r\n<figure class=\"wp-block-media-text__media\"><img loading=\"lazy\" width=\"872\" height=\"894\" class=\"wp-image-692\" src=\"http:\/\/lire-lier.fr\/wp-content\/uploads\/2020\/04\/promotheleme.jpg\" alt=\"\" srcset=\"https:\/\/lire-lier.fr\/wp-content\/uploads\/2020\/04\/promotheleme.jpg 872w, https:\/\/lire-lier.fr\/wp-content\/uploads\/2020\/04\/promotheleme-293x300.jpg 293w, https:\/\/lire-lier.fr\/wp-content\/uploads\/2020\/04\/promotheleme-768x787.jpg 768w\" sizes=\"(max-width: 872px) 100vw, 872px\" \/><\/figure>\r\n<div class=\"wp-block-media-text__content\">\r\n<h3>trois grands textes \u00e0 \u00e9couter et \u00e0 t\u00e9l\u00e9charger gratuitement sur <a href=\"http:\/\/www.editionstheleme.com\">editionstheleme.com<\/a><\/h3>\r\n\r\n\r\n\r\n<p>&nbsp;<\/p>\r\n<\/div>\r\n<\/div>\r\n\r\n\r\n\r\n<p><strong>19e jour de confinement <\/strong>: En sortant de l&#8217;\u00e9cole, vous vous rappelez ce joli po\u00e8me de Jacques Pr\u00e9vert ? En musique, en dessin anim\u00e9 c&#8217;est l&#8217;heureux r\u00e9sultat du formidable projet de Delphine Maury &#8220;<a href=\"https:\/\/www.tantmieuxprod.net\/fran\u00e7ais\/en-sortant-de-l-\u00e9cole\/\">En sortant de l&#8217;\u00e9cole<\/a>&#8220;, qui chaque ann\u00e9e met des po\u00e8mes en court m\u00e9trage d&#8217;animation par des \u00e9tudiants sortant de l&#8217;\u00e9cole. Vous pouvez commencer par le premier \u00e9pisode de cette belle <a href=\"https:\/\/youtu.be\/zC5XmylIVqg\">collection<\/a> consacr\u00e9 \u00e0 Jacques Pr\u00e9vert. Cela \u00e9gayera notre curieuse sortie d&#8217;\u00e9cole:)<\/p>\r\n\r\n\r\n\r\n<div class=\"wp-block-media-text alignwide is-vertically-aligned-top\" style=\"grid-template-columns: 34% auto;\">\r\n<figure class=\"wp-block-media-text__media\"><img loading=\"lazy\" width=\"216\" height=\"234\" class=\"wp-image-681\" src=\"http:\/\/lire-lier.fr\/wp-content\/uploads\/2020\/04\/Unknown.jpeg\" alt=\"\" \/><\/figure>\r\n<div class=\"wp-block-media-text__content\">\r\n<blockquote class=\"wp-block-quote\">\r\n<p>En sortant de l&#8217;\u00e9cole<br \/>Nous avons rencontr\u00e9<br \/>Un grand chemin de fer<br \/>Qui nous a emmen\u00e9s<br \/>Tout autour de la terre<br \/>Dans un wagon dor\u00e9<br \/>&#8230;<\/p>\r\n<cite><em>Jacques Pr\u00e9vert <\/em><\/cite><\/blockquote>\r\n<\/div>\r\n<\/div>\r\n\r\n\r\n\r\n<div class=\"wp-block-group alignwide\">\r\n<div class=\"wp-block-group__inner-container\">\r\n<div class=\"wp-block-media-text alignwide is-stacked-on-mobile\" style=\"grid-template-columns: 39% auto;\">\r\n<figure class=\"wp-block-media-text__media\"><img loading=\"lazy\" width=\"251\" height=\"201\" class=\"wp-image-689\" src=\"http:\/\/lire-lier.fr\/wp-content\/uploads\/2020\/04\/images-1.jpeg\" alt=\"\" \/><\/figure>\r\n<div class=\"wp-block-media-text__content\">\r\n<pre class=\"wp-block-preformatted\"><a href=\"https:\/\/www.editions-thierry-magnier.com\/9791035200633-l-collectif-les-quatre-saisons-d-en-sortant-de-l-ecole.htm\">Les quatre saisons d'en sortant de l'\u00e9cole\u00a0<\/a>ont \u00e9t\u00e9 publi\u00e9es dans un beau livre DVD chez Thierry Magnier\u00a0<\/pre>\r\n<\/div>\r\n<\/div>\r\n<\/div>\r\n<\/div>\r\n\r\n\r\n\r\n<div class=\"wp-block-group\">\r\n<div class=\"wp-block-group__inner-container\">\r\n<p><strong>18e jour de confinement<\/strong> : dernier jour de confinement&#8230; enfin de l&#8217;\u00e9cole \u00e0 la maison pour certains&#8230; mais si on faisait des petits travaux d&#8217;\u00e9criture pendant les vacances de P\u00e2ques : avec les <a href=\"http:\/\/www.auzou.fr\/23-romans\">\u00e9ditions Auzou<\/a> et <a href=\"https:\/\/lire-demain.fr\">Lire Demain<\/a> on peut reprendre les <a href=\"http:\/\/cestnotrelivre.lire-demain.fr\/docs\/incipits.pdf?utm_source=sendinblue&amp;utm_campaign=Concours_Cest_notre_livre&amp;utm_medium=email\">incipits<\/a> que les autrices et auteurs jeunesse nous ont livr\u00e9 l&#8217;ann\u00e9e derni\u00e8re pour imaginer des suites. <br \/>Le concours C&#8217;est notre livre 2020 est report\u00e9 \u00e0 l&#8217;ann\u00e9e prochaine, ch\u00e8res enseignantes et enseignants, vous aurez tout le temps de vous y inscrire. Et vous quel est votre plus beau incipit en litt\u00e9rature ?<\/p>\r\n\r\n\r\n\r\n<div class=\"wp-block-media-text alignwide\">\r\n<figure class=\"wp-block-media-text__media\"><img loading=\"lazy\" width=\"1024\" height=\"712\" class=\"wp-image-674\" src=\"http:\/\/lire-lier.fr\/wp-content\/uploads\/2020\/04\/auzou-1024x712.jpg\" alt=\"\" srcset=\"https:\/\/lire-lier.fr\/wp-content\/uploads\/2020\/04\/auzou-1024x712.jpg 1024w, https:\/\/lire-lier.fr\/wp-content\/uploads\/2020\/04\/auzou-300x209.jpg 300w, https:\/\/lire-lier.fr\/wp-content\/uploads\/2020\/04\/auzou-768x534.jpg 768w, https:\/\/lire-lier.fr\/wp-content\/uploads\/2020\/04\/auzou-1536x1068.jpg 1536w, https:\/\/lire-lier.fr\/wp-content\/uploads\/2020\/04\/auzou-1200x835.jpg 1200w, https:\/\/lire-lier.fr\/wp-content\/uploads\/2020\/04\/auzou-1320x918.jpg 1320w, https:\/\/lire-lier.fr\/wp-content\/uploads\/2020\/04\/auzou.jpg 1662w\" sizes=\"(max-width: 1024px) 100vw, 1024px\" \/><\/figure>\r\n<div class=\"wp-block-media-text__content\">\r\n<pre class=\"wp-block-preformatted\"><em>Le jour o\u00f9 les pires vacances de ma vie ont commenc\u00e9, j'avais mon perroquet sur l'\u00e9paule, mon petit fr\u00e8re dans les pattes et un camembert en main. Oui, un camembert! Il faut que je vous raconte ...\" raconte la suite avec S\u00e9verine Vidal \r\n<a href=\"http:\/\/cestnotrelivre.lire-demain.fr\/docs\/incipits.pdf?utm_source=sendinblue&amp;utm_campaign=Concours_Cest_notre_livre&amp;utm_medium=email\">Les autres d\u00e9buts de phrases \u00e0 d\u00e9couvrir<\/a><\/em><\/pre>\r\n<\/div>\r\n<\/div>\r\n\r\n\r\n\r\n<p>&nbsp;<\/p>\r\n\r\n\r\n\r\n<p><strong>17e jour de confinement<\/strong> : ode \u00e0 la nature avec ces quelques vers du grand William Blake et petite d\u00e9dicace \u00e0 une amatrice d&#8217;herbiers de fleurs et de mots, n\u00e9 un 2 avril.<\/p>\r\n\r\n\r\n\r\n<div class=\"wp-block-media-text alignwide\" style=\"grid-template-columns: 39% auto;\">\r\n<figure class=\"wp-block-media-text__media\"><img loading=\"lazy\" width=\"720\" height=\"960\" class=\"wp-image-668\" src=\"http:\/\/lire-lier.fr\/wp-content\/uploads\/2020\/04\/559344_10200456232352584_1059678910_n.jpg\" alt=\"\" srcset=\"https:\/\/lire-lier.fr\/wp-content\/uploads\/2020\/04\/559344_10200456232352584_1059678910_n.jpg 720w, https:\/\/lire-lier.fr\/wp-content\/uploads\/2020\/04\/559344_10200456232352584_1059678910_n-225x300.jpg 225w\" sizes=\"(max-width: 720px) 100vw, 720px\" \/><\/figure>\r\n<div class=\"wp-block-media-text__content\">\r\n<h3>Voir le monde dans un grain de sable<br \/><br \/>Et le paradis dans une fleur sauvage<\/h3>\r\n\r\n\r\n\r\n<p><strong>William Blake\u00a0<\/strong><\/p>\r\n<\/div>\r\n<\/div>\r\n\r\n\r\n\r\n<p><strong>16e jour de confinement<\/strong> : un jour de sortie : poisson d&#8217;avril ! Sortie litt\u00e9raire alors : du c\u00f4t\u00e9 du c\u00e9l\u00e8bre auteur de romans policiers, p\u00e8re des fameuses aventures de Sherlock Holmes : Conan Doyle et sa nouvelle <a href=\"https:\/\/fr.wikisource.org\/wiki\/L\u2019Ensorceleuse_(recueil)\/Poisson_d\u2019avril\">Poisson d&#8217;avril <\/a>et une petite fantaisie de Paul G\u00e9raldy !<\/p>\r\n\r\n\r\n\r\n<div class=\"wp-block-group\">\r\n<div class=\"wp-block-group__inner-container\">\r\n<div class=\"wp-block-group\">\r\n<div class=\"wp-block-group__inner-container\">\r\n<div class=\"wp-block-media-text alignwide has-media-on-the-right\">\r\n<figure class=\"wp-block-media-text__media\"><img loading=\"lazy\" width=\"491\" height=\"737\" class=\"wp-image-664\" src=\"http:\/\/lire-lier.fr\/wp-content\/uploads\/2020\/04\/259279-ceci-n-est-pas-un-poisson-d-avril-a-la-recyclerie-2-e1585747899414.jpg\" alt=\"\" srcset=\"https:\/\/lire-lier.fr\/wp-content\/uploads\/2020\/04\/259279-ceci-n-est-pas-un-poisson-d-avril-a-la-recyclerie-2-e1585747899414.jpg 491w, https:\/\/lire-lier.fr\/wp-content\/uploads\/2020\/04\/259279-ceci-n-est-pas-un-poisson-d-avril-a-la-recyclerie-2-e1585747899414-200x300.jpg 200w\" sizes=\"(max-width: 491px) 100vw, 491px\" \/><\/figure>\r\n<div class=\"wp-block-media-text__content\">\r\n<pre class=\"wp-block-verse\">J\u2019ai vu 3 chats bleus, \u00e0 la queue leu-leu<br \/>Marchant sur un fil \u2026 Poisson d\u2019avril !<br \/>J\u2019ai vu un chameau faire du v\u00e9lo<br \/>Tout autour d\u2019une \u00eele\u2026 Poisson d\u2019avril !<br \/>J\u2019ai vu un gros ver en h\u00e9licopt\u00e8re<br \/>Traversant la ville \u2026 Poisson d\u2019avril !<br \/>J\u2019ai vu une vache avec des moustaches<br \/>Et de tr\u00e8s longs cils \u2026 Poisson d\u2019avril !<br \/>J\u2019ai vu 10 corbeaux assis sur le dos<br \/>D\u2019un vieux crocodile \u2026 Poisson d\u2019avril !<\/pre>\r\n\r\n\r\n\r\n<p><strong><em>Paul G\u00e9raldy<\/em><\/strong><\/p>\r\n<\/div>\r\n<\/div>\r\n\r\n\r\n\r\n<p><strong>15e jour de confinement<\/strong> : un confinement Rue Gutenberg, quoi de mieux pour rendre hommage au fondateur de l&#8217;imprimerie : Gutenberg ! En d\u00e9couvrant par exemple le projet Gutenberg qui nous met \u00e0 disposition les oeuvres classiques : mon premier choix va vers <a href=\"http:\/\/www.gutenberg.org\/ebooks\/5781\">Le Grand Meaulnes<\/a> d&#8217;<a href=\"http:\/\/www.la-pleiade.fr\/Auteur\/Alain-Fournier\">Alain Fournier<\/a>, qui vient d&#8217;int\u00e9grer la c\u00e9l\u00e8bre collection de la Pl\u00e9iade chez Gallimard. Sinon toujours possibilit\u00e9 de l&#8217;\u00e9couter par Mathurin Voltz chez <a href=\"https:\/\/www.editionstheleme.com\/s\/26376_229145_le-grand-meaulnes-audio-alain-fournier\">Th\u00e9l\u00e8me<\/a>.<\/p>\r\n\r\n\r\n\r\n<div class=\"wp-block-group alignwide\">\r\n<div class=\"wp-block-group__inner-container\">\r\n<div class=\"wp-block-group alignwide\">\r\n<div class=\"wp-block-group__inner-container\">\r\n<div class=\"wp-block-media-text alignwide is-stacked-on-mobile\" style=\"grid-template-columns: 44% auto;\">\r\n<figure class=\"wp-block-media-text__media\"><img loading=\"lazy\" width=\"1024\" height=\"768\" class=\"wp-image-652\" src=\"http:\/\/lire-lier.fr\/wp-content\/uploads\/2020\/03\/IMG_0188-1024x768.jpeg\" alt=\"\" srcset=\"https:\/\/lire-lier.fr\/wp-content\/uploads\/2020\/03\/IMG_0188-1024x768.jpeg 1024w, https:\/\/lire-lier.fr\/wp-content\/uploads\/2020\/03\/IMG_0188-300x225.jpeg 300w, https:\/\/lire-lier.fr\/wp-content\/uploads\/2020\/03\/IMG_0188-768x576.jpeg 768w, https:\/\/lire-lier.fr\/wp-content\/uploads\/2020\/03\/IMG_0188-1536x1152.jpeg 1536w, https:\/\/lire-lier.fr\/wp-content\/uploads\/2020\/03\/IMG_0188-2048x1536.jpeg 2048w, https:\/\/lire-lier.fr\/wp-content\/uploads\/2020\/03\/IMG_0188-1200x900.jpeg 1200w, https:\/\/lire-lier.fr\/wp-content\/uploads\/2020\/03\/IMG_0188-1320x990.jpeg 1320w\" sizes=\"(max-width: 1024px) 100vw, 1024px\" \/><\/figure>\r\n<div class=\"wp-block-media-text__content\">\r\n<p>&#8220;Tant de joie, se dit-il, parce que j&#8217;arrive \u00e0 ce vieux pigeonnier, plein de hiboux et de courants d&#8217;air!&#8230;&#8221;<\/p>\r\n<\/div>\r\n<\/div>\r\n<\/div>\r\n<\/div>\r\n<\/div>\r\n<\/div>\r\n\r\n\r\n\r\n<div class=\"wp-block-group alignwide\">\r\n<div class=\"wp-block-group__inner-container\">\r\n<figure class=\"wp-block-gallery columns-2\">\r\n<ul class=\"blocks-gallery-grid\">\r\n<li class=\"blocks-gallery-item\">\r\n<figure><img loading=\"lazy\" width=\"180\" height=\"285\" class=\"wp-image-651\" src=\"http:\/\/lire-lier.fr\/wp-content\/uploads\/2020\/03\/product_9782072713323_180x0.jpg\" alt=\"\" data-id=\"651\" data-full-url=\"http:\/\/lire-lier.fr\/wp-content\/uploads\/2020\/03\/product_9782072713323_180x0.jpg\" data-link=\"http:\/\/lire-lier.fr\/?attachment_id=651\" \/><\/figure>\r\n<\/li>\r\n<li class=\"blocks-gallery-item\">\r\n<figure><img loading=\"lazy\" width=\"630\" height=\"564\" class=\"wp-image-650\" src=\"http:\/\/lire-lier.fr\/wp-content\/uploads\/2020\/03\/le-grand-meaulnes-audio-alain-fournier.jpg\" alt=\"\" data-id=\"650\" srcset=\"https:\/\/lire-lier.fr\/wp-content\/uploads\/2020\/03\/le-grand-meaulnes-audio-alain-fournier.jpg 630w, https:\/\/lire-lier.fr\/wp-content\/uploads\/2020\/03\/le-grand-meaulnes-audio-alain-fournier-300x269.jpg 300w\" sizes=\"(max-width: 630px) 100vw, 630px\" \/><\/figure>\r\n<\/li>\r\n<\/ul>\r\n<\/figure>\r\n<\/div>\r\n<\/div>\r\n\r\n\r\n\r\n<p><strong>14e jour de confinement <\/strong>: \u00e7a devait \u00eatre le dernier mais c&#8217;est le premier d&#8217;une prochaine quinzaine&#8230;allez on respire et on reprend l&#8217;\u00e9cole \u00e0 la maison, ok mais en s&#8217;amusant avec <em>Grammaire en f\u00eate<\/em> de la po\u00e9tesse <a href=\"https:\/\/portail-collections.imec-archives.com\/ark:\/29414\/a011455299771OQ588n\">Andr\u00e9e Chedid<\/a> ! et pleins de conseils de lecture sur l&#8217;excellent site pour la litt\u00e9rature jeunesse : <a href=\"https:\/\/lamareauxmots.com\/blog\/soccuper-pendant-le-confinement\/\">la mare aux mots<\/a><\/p>\r\n<\/div>\r\n<\/div>\r\n\r\n\r\n\r\n<div class=\"wp-block-group\">\r\n<div class=\"wp-block-group__inner-container\">\r\n<div class=\"wp-block-media-text alignwide\">\r\n<figure class=\"wp-block-media-text__media\"><img loading=\"lazy\" width=\"433\" height=\"500\" class=\"wp-image-646\" src=\"http:\/\/lire-lier.fr\/wp-content\/uploads\/2020\/03\/9782081608627-475x500-1-1.jpg\" alt=\"\" srcset=\"https:\/\/lire-lier.fr\/wp-content\/uploads\/2020\/03\/9782081608627-475x500-1-1.jpg 433w, https:\/\/lire-lier.fr\/wp-content\/uploads\/2020\/03\/9782081608627-475x500-1-1-260x300.jpg 260w\" sizes=\"(max-width: 433px) 100vw, 433px\" \/><\/figure>\r\n<div class=\"wp-block-media-text__content\">\r\n<p><strong>LA R\u00c9VOLTE DU SUJET<\/strong><br \/>\u00abUn jour, un jour\u00bb,<br \/>Chante le Sujet<br \/>\u00abJe me tiendrai<br \/>Seul<br \/>Sur mes pieds.<br \/>Sans ordre<br \/>Sans verbe<br \/>Et sans alli\u00e9<br \/>Dans un d\u00e9sordre<br \/>Illumin\u00e9!\u00bb<\/p>\r\n<\/div>\r\n<\/div>\r\n<\/div>\r\n<\/div>\r\n\r\n\r\n\r\n<p><strong>13e jour de confinement<\/strong>\u00a0: c&#8217;\u00e9tait un jour de voyage, en partance pour Bologne&#8230;<\/p>\r\n\r\n\r\n\r\n<p><img loading=\"lazy\" width=\"601\" height=\"919\" class=\"wp-image-626\" style=\"width: 350px;\" src=\"http:\/\/lire-lier.fr\/wp-content\/uploads\/2020\/03\/Capture_decran_2019-04-23_a_15.59.51.png\" alt=\"\" srcset=\"https:\/\/lire-lier.fr\/wp-content\/uploads\/2020\/03\/Capture_decran_2019-04-23_a_15.59.51.png 601w, https:\/\/lire-lier.fr\/wp-content\/uploads\/2020\/03\/Capture_decran_2019-04-23_a_15.59.51-196x300.png 196w\" sizes=\"(max-width: 601px) 100vw, 601px\" \/><img loading=\"lazy\" width=\"408\" height=\"305\" class=\"wp-image-635\" style=\"width: 400px;\" src=\"http:\/\/lire-lier.fr\/wp-content\/uploads\/2020\/03\/Capture_decran_2019-04-23_a_16.00.17-4.png\" alt=\"\" srcset=\"https:\/\/lire-lier.fr\/wp-content\/uploads\/2020\/03\/Capture_decran_2019-04-23_a_16.00.17-4.png 408w, https:\/\/lire-lier.fr\/wp-content\/uploads\/2020\/03\/Capture_decran_2019-04-23_a_16.00.17-4-300x224.png 300w\" sizes=\"(max-width: 408px) 100vw, 408px\" \/><\/p>\r\n\r\n\r\n\r\n<p>alors nous allons voyager dans des images avec celles des illustrateurs et illustratrices jeunesse avec le\u00a0<a href=\"https:\/\/archile.fr\/Cat-bologne2019.pdf\">catalogue du Voyage \u00e0 Bologne 2019<\/a>, initi\u00e9 par la<a href=\"https:\/\/www.la-charte.fr\">\u00a0Charte<\/a>, avec une pens\u00e9e pour nos amis italiens et les laur\u00e9ats 2020, avec qui nous repartirons en 2021. Quelle image vous inspire ? Et vous quel est votre plus beau livre d&#8217;images ?<\/p>\r\n\r\n\r\n\r\n<p><strong>12e jour de confinement<\/strong> : un jour de plus, une goutte de plus, et le temps qui s&#8217;\u00e9coule : pour cela rien de mieux que de le dire en po\u00e9sie et en chanson, en fran\u00e7ais et en portugais gr\u00e2ce aux talentueux musiciens po\u00e8tes \u00e0 Carlos Jobim, Vinicius de Moraes et Georges Moustaki sans oublier le duo formidable Elis Regina &#8211; Carlos Jobim qui chante <a href=\"https:\/\/youtu.be\/srfP2JlH6ls\">Aguas de mar\u00e7o<\/a><\/p>\r\n\r\n\r\n\r\n<div class=\"wp-block-group\">\r\n<div class=\"wp-block-group__inner-container\">\r\n<figure class=\"wp-block-embed-youtube wp-block-embed is-type-video is-provider-youtube wp-embed-aspect-4-3 wp-has-aspect-ratio\">\r\n<div class=\"wp-block-embed__wrapper\">https:\/\/www.youtube.com\/watch?v=E1tOV7y94DY<\/div>\r\n<\/figure>\r\n<\/div>\r\n<\/div>\r\n<\/div>\r\n<\/div>\r\n\r\n\r\n\r\n<div class=\"wp-block-group\">\r\n<div class=\"wp-block-group__inner-container\">\r\n<div class=\"wp-block-media-text alignwide\" style=\"grid-template-columns: 41% auto;\">\r\n<figure class=\"wp-block-media-text__media\"><img loading=\"lazy\" width=\"225\" height=\"225\" class=\"wp-image-616\" src=\"http:\/\/lire-lier.fr\/wp-content\/uploads\/2020\/03\/images-2.jpeg\" alt=\"\" srcset=\"https:\/\/lire-lier.fr\/wp-content\/uploads\/2020\/03\/images-2.jpeg 225w, https:\/\/lire-lier.fr\/wp-content\/uploads\/2020\/03\/images-2-150x150.jpeg 150w\" sizes=\"(max-width: 225px) 100vw, 225px\" \/><\/figure>\r\n<div class=\"wp-block-media-text__content\">\r\n<pre class=\"wp-block-preformatted\">Un pas, une pierre, un chemin qui chemine<br \/>Un reste de racine, c'est un peu solitaire<br \/>C'est un \u00e9clat de verre, c'est la vie, le soleil<br \/>C'est la mort, le sommeil, c'est un pi\u00e8ge entrouvertUn arbre mill\u00e9naire, un n\u0153ud dans le bois<br \/>C'est un chien qui aboie, c'est un oiseau dans l'air<br \/>C'est un tronc qui pourrit, c'est la neige qui fond<br \/>Le myst\u00e8re profond, la promesse de vie...<\/pre>\r\n<\/div>\r\n<\/div>\r\n<\/div>\r\n<\/div>\r\n\r\n\r\n\r\n<div class=\"wp-block-image\">\r\n<figure class=\"alignright\"><img loading=\"lazy\" width=\"184\" height=\"275\" class=\"wp-image-602\" src=\"http:\/\/lire-lier.fr\/wp-content\/uploads\/2020\/03\/Unknown-4.jpeg\" alt=\"\" \/><\/figure>\r\n<\/div>\r\n\r\n\r\n\r\n<p>&nbsp;<\/p>\r\n\r\n\r\n\r\n<div class=\"wp-block-image\">\r\n<figure class=\"alignright is-resized\"><img loading=\"lazy\" class=\"wp-image-604\" src=\"http:\/\/lire-lier.fr\/wp-content\/uploads\/2020\/03\/41v41CwFyjL._SR600315_PIWhiteStripBottomLeft035_PIStarRatingFOURBottomLeft360-6_SR600315_ZA12-Reviews445286400400arial124005_SCLZZZZZZZ_-6.jpg\" alt=\"\" width=\"126\" height=\"191\" \/><\/figure>\r\n<\/div>\r\n<\/div>\r\n<\/div>\r\n\r\n\r\n\r\n<p><strong>11e jour de confinement<\/strong> : on se tourne vers l&#8217;oeuvre de JMG Le Cl\u00e9zio, parce qu&#8217;elle est immense, parce qu&#8217;on y trouve <em>La quarantaine<\/em>, r\u00e9cit inspir\u00e9 par le s\u00e9jour forc\u00e9 d&#8217;Alexis, le grand-p\u00e8re maternel de Le Cl\u00e9zio, sur un \u00eelot au large de l&#8217;Ile Maurice (<a href=\"http:\/\/www.gallimard.fr\/catalog\/entretiens\/01030342.htm\">entretien<\/a> \u00e0 propos de ce livre), parce que j&#8217;y trouve mon premier souvenir intrigant de jeune lectrice : <em><a href=\"http:\/\/www.gallimard-jeunesse.fr\/Catalogue\/GALLIMARD-JEUNESSE\/Folio-Junior\/Lullaby\">Lullaby<\/a><\/em>, une r\u00eaverie adolescente que je n&#8217;arrivais pas \u00e0 appr\u00e9hender mais qui m&#8217;a fortement impr\u00e9gn\u00e9e sans doute parce qu&#8217;y r\u00e8gnent le soleil et la libert\u00e9 \ud83d\ude42<\/p>\r\n\r\n\r\n\r\n<p><strong>10e jour de confinement<\/strong> : lire et \u00e9crire, et pourquoi pas tenir un journal, pleins d&#8217;exemples litt\u00e9raires en t\u00eate dont <em>Le journal d&#8217;Anne Franck<\/em> bien s\u00fbr, mais c&#8217;est en revoyant le superbe film <em>Les raisins de la col\u00e8re<\/em> de John Ford, que l&#8217;id\u00e9e m&#8217;est venu de vous partager le d\u00e9but de ce magnifique roman <a href=\"https:\/\/www.babelio.com\/livres\/Steinbeck-Les-Raisins-de-la-colere\/2986\/extraits\">Les raisins de la col\u00e8re<\/a> et de lire le journal de John Steinbeck <em><a href=\"https:\/\/laffont.ca\/livre\/jours-de-travail-9782232129834\/\">Jours de travail<\/a><\/em>, \u00e9dit\u00e9 par les \u00e9ditions Seghers. En p\u00e9riode de t\u00e9l\u00e9travail et continuit\u00e9 p\u00e9dagogique, voici quelques <a href=\"https:\/\/chapitres.actualitte.com\/extrait\/jours-de-travail-john-steinbeck\/7028\">extraits<\/a> du journal de ce grand \u00e9crivain am\u00e9ricain.<\/p>\r\n\r\n\r\n\r\n<div class=\"wp-block-media-text alignwide\" style=\"grid-template-columns: 39% auto;\">\r\n<figure class=\"wp-block-media-text__media\"><img loading=\"lazy\" width=\"330\" height=\"499\" class=\"wp-image-584\" src=\"http:\/\/lire-lier.fr\/wp-content\/uploads\/2020\/03\/41n3TYcFsfL._SX328_BO1204203200_-1.jpg\" alt=\"\" srcset=\"https:\/\/lire-lier.fr\/wp-content\/uploads\/2020\/03\/41n3TYcFsfL._SX328_BO1204203200_-1.jpg 330w, https:\/\/lire-lier.fr\/wp-content\/uploads\/2020\/03\/41n3TYcFsfL._SX328_BO1204203200_-1-198x300.jpg 198w\" sizes=\"(max-width: 330px) 100vw, 330px\" \/><\/figure>\r\n<div class=\"wp-block-media-text__content\">\r\n<pre class=\"wp-block-preformatted\"><strong>Entr\u00e9e #2<\/strong><br \/><strong>[31 mai 1938 \u2013 mardi]<\/strong><br \/><em>C\u2019est le journal d\u2019un livre et il sera int\u00e9ressant de voir comment il va tourner. J\u2019ai essay\u00e9 de tenir des journaux auparavant, mais \u00e7a n\u2019a pas march\u00e9 \u00e0 cause de la n\u00e9cessit\u00e9 d\u2019\u00eatre honn\u00eate. L\u00e0 o\u00f9 il n\u2019y a pas de v\u00e9rit\u00e9 bien d\u00e9finie, j\u2019ai tendance \u00e0 graviter du c\u00f4t\u00e9 oppos\u00e9. Parfois, lorsqu\u2019il y a une v\u00e9rit\u00e9 absolue, je suis r\u00e9volt\u00e9 par sa suffisance et je fais la m\u00eame chose. Ici toutefois, je vais essayer simplement de tenir un registre des journ\u00e9es de travail et de la quantit\u00e9 atteinte chaque jour, et du succ\u00e8s (pour autant que je puisse en juger)...<\/em><\/pre>\r\n<\/div>\r\n<\/div>\r\n\r\n\r\n\r\n<p><strong>9e jour de confinement<\/strong> : et si on s&#8217;int\u00e9ressait aujourd&#8217;hui \u00e0 tous ceux qui nous narguent par leur libert\u00e9 : les oiseaux ! Relisons <em>Le verlan des oiseaux<\/em> (\u00e9d. <a href=\"https:\/\/editions-motus.com\">Motus<\/a>) du po\u00e8te Michel Besnier, c&#8217;est dr\u00f4le et tellement bien vu \ud83d\ude42 et sa version campagnarde avec <em><a href=\"https:\/\/editions-motus.com\/produit\/mes-poules-parlent\/\">Les poules parlent<\/a><\/em>. Et moi je vous partage quelques vers pour vous parler de mon voisin le merle moquer !<\/p>\r\n\r\n\r\n\r\n<div class=\"wp-block-group\">\r\n<div class=\"wp-block-group__inner-container\">\r\n<figure class=\"wp-block-gallery columns-2 is-cropped\">\r\n<ul class=\"blocks-gallery-grid\">\r\n<li class=\"blocks-gallery-item\">\r\n<figure><img loading=\"lazy\" width=\"768\" height=\"1024\" class=\"wp-image-566\" src=\"http:\/\/lire-lier.fr\/wp-content\/uploads\/2020\/03\/oiseau-768x1024.jpg\" alt=\"\" data-id=\"566\" srcset=\"https:\/\/lire-lier.fr\/wp-content\/uploads\/2020\/03\/oiseau-768x1024.jpg 768w, https:\/\/lire-lier.fr\/wp-content\/uploads\/2020\/03\/oiseau-225x300.jpg 225w, https:\/\/lire-lier.fr\/wp-content\/uploads\/2020\/03\/oiseau-1152x1536.jpg 1152w, https:\/\/lire-lier.fr\/wp-content\/uploads\/2020\/03\/oiseau-1536x2048.jpg 1536w, https:\/\/lire-lier.fr\/wp-content\/uploads\/2020\/03\/oiseau-1200x1600.jpg 1200w, https:\/\/lire-lier.fr\/wp-content\/uploads\/2020\/03\/oiseau-1320x1760.jpg 1320w, https:\/\/lire-lier.fr\/wp-content\/uploads\/2020\/03\/oiseau-scaled.jpg 1920w\" sizes=\"(max-width: 768px) 100vw, 768px\" \/>\r\n<figcaption class=\"blocks-gallery-item__caption\">Merle moqueur pos\u00e9 sur mon toit Tu peux te moquer de moi, que voil\u00e0 d\u00e9sormais encag\u00e9e<\/figcaption>\r\n<\/figure>\r\n<\/li>\r\n<li class=\"blocks-gallery-item\">\r\n<figure><img loading=\"lazy\" width=\"489\" height=\"1024\" class=\"wp-image-574\" src=\"http:\/\/lire-lier.fr\/wp-content\/uploads\/2020\/03\/verlandesoiseaux1-489x1024.jpg\" alt=\"\" data-id=\"574\" data-full-url=\"http:\/\/lire-lier.fr\/wp-content\/uploads\/2020\/03\/verlandesoiseaux1.jpg\" data-link=\"http:\/\/lire-lier.fr\/?attachment_id=574\" srcset=\"https:\/\/lire-lier.fr\/wp-content\/uploads\/2020\/03\/verlandesoiseaux1-489x1024.jpg 489w, https:\/\/lire-lier.fr\/wp-content\/uploads\/2020\/03\/verlandesoiseaux1-143x300.jpg 143w, https:\/\/lire-lier.fr\/wp-content\/uploads\/2020\/03\/verlandesoiseaux1-768x1609.jpg 768w, https:\/\/lire-lier.fr\/wp-content\/uploads\/2020\/03\/verlandesoiseaux1-733x1536.jpg 733w, https:\/\/lire-lier.fr\/wp-content\/uploads\/2020\/03\/verlandesoiseaux1-978x2048.jpg 978w, https:\/\/lire-lier.fr\/wp-content\/uploads\/2020\/03\/verlandesoiseaux1.jpg 1179w\" sizes=\"(max-width: 489px) 100vw, 489px\" \/><\/figure>\r\n<\/li>\r\n<\/ul>\r\n<\/figure>\r\n<\/div>\r\n<\/div>\r\n\r\n\r\n\r\n<p>&nbsp;<\/p>\r\n\r\n\r\n\r\n<p><strong>8e jour de confinement<\/strong> : atelier d&#8217;\u00e9criture et si on commen\u00e7ait une nouvelle histoire par ces mots sur le mod\u00e8le du concours <a href=\"https:\/\/www.la-charte.fr\/nos-actions\/emergences\/\">Emergences<\/a> ! : &#8220;Je casse ma tirelire. Elle est vide ! O\u00f9 est mon argent ? A la place, juste une feuille de papier pli\u00e9e.&#8221;<\/p>\r\n\r\n\r\n\r\n<div class=\"wp-block-group\">\r\n<div class=\"wp-block-group__inner-container\">\r\n<figure class=\"wp-block-image is-resized\"><img loading=\"lazy\" class=\"wp-image-558\" src=\"http:\/\/lire-lier.fr\/wp-content\/uploads\/2020\/03\/emergence-ecriture-1024x819.jpg\" alt=\"\" width=\"510\" height=\"407\" srcset=\"https:\/\/lire-lier.fr\/wp-content\/uploads\/2020\/03\/emergence-ecriture-1024x819.jpg 1024w, https:\/\/lire-lier.fr\/wp-content\/uploads\/2020\/03\/emergence-ecriture-300x240.jpg 300w, https:\/\/lire-lier.fr\/wp-content\/uploads\/2020\/03\/emergence-ecriture-768x614.jpg 768w, https:\/\/lire-lier.fr\/wp-content\/uploads\/2020\/03\/emergence-ecriture-1536x1229.jpg 1536w, https:\/\/lire-lier.fr\/wp-content\/uploads\/2020\/03\/emergence-ecriture-2048x1638.jpg 2048w, https:\/\/lire-lier.fr\/wp-content\/uploads\/2020\/03\/emergence-ecriture-1200x960.jpg 1200w, https:\/\/lire-lier.fr\/wp-content\/uploads\/2020\/03\/emergence-ecriture-1320x1056.jpg 1320w\" sizes=\"(max-width: 510px) 100vw, 510px\" \/><\/figure>\r\n\r\n\r\n\r\n<div class=\"wp-block-media-text alignwide\" style=\"grid-template-columns: 35% auto;\">\r\n<figure class=\"wp-block-media-text__media\"><img loading=\"lazy\" width=\"658\" height=\"1024\" class=\"wp-image-268\" src=\"http:\/\/lire-lier.fr\/wp-content\/uploads\/2018\/11\/COUV_EMERGENCES-658x1024.jpg\" alt=\"\" srcset=\"https:\/\/lire-lier.fr\/wp-content\/uploads\/2018\/11\/COUV_EMERGENCES-658x1024.jpg 658w, https:\/\/lire-lier.fr\/wp-content\/uploads\/2018\/11\/COUV_EMERGENCES-193x300.jpg 193w, https:\/\/lire-lier.fr\/wp-content\/uploads\/2018\/11\/COUV_EMERGENCES-768x1196.jpg 768w, https:\/\/lire-lier.fr\/wp-content\/uploads\/2018\/11\/COUV_EMERGENCES-1200x1869.jpg 1200w, https:\/\/lire-lier.fr\/wp-content\/uploads\/2018\/11\/COUV_EMERGENCES.jpg 1310w\" sizes=\"(max-width: 658px) 100vw, 658px\" \/><\/figure>\r\n<div class=\"wp-block-media-text__content\">\r\n<p>C&#8217;est l&#8217;exercice qu&#8217;on fait 12 autrices et auteurs en 2018 gr\u00e2ce \u00e0 <a href=\"https:\/\/www.la-charte.fr\/nos-actions\/emergences\/\">la Charte des auteurs et illustrateurs jeunesse<\/a> via le projet <a href=\"https:\/\/www.la-charte.fr\/nos-actions\/emergences\/\">Emergences<\/a> et c&#8217;est ainsi qu&#8217;on a d\u00e9couvert 12 talents de la litt\u00e9rature jeunesse \ud83d\ude42 A vos stylos ! et demain vous pourrez d\u00e9couvrir les nouvelles laur\u00e9ates et apr\u00e8s-demain les laur\u00e9at.es 2019, \u00e7a va on encore un peu de temps de lecture devant nous \ud83d\ude42<\/p>\r\n<\/div>\r\n<\/div>\r\n<\/div>\r\n<\/div>\r\n\r\n\r\n\r\n<p><strong>7e jour de confinement<\/strong> : on part dans le futur et on d\u00e9couvre une super dystopie : <em>2105 m\u00e9moire interdite<\/em> d&#8217;Anouk Filippini : Dans ce roman pour adolescents (mais pas que oui les adultes c&#8217;est aussi pour vous) il n&#8217;existe plus que deux classes sociales : les Lastings (qui vivent 400 ans) et les Vuln\u00e9rables. Une fois par an, un concours permet \u00e0 deux Vuln\u00e9rables d&#8217;acc\u00e9der au statut de Lastings. Sophia d\u00e9cide d&#8217;y participer, mais elle a bient\u00f4t des visions d&#8217;une \u00e9poque taboue pour le gouvernement mondial : les ann\u00e9es 2000&#8230; Ces souvenirs sont implant\u00e9s en elle sous forme de virus, mais elle pourrait y trouver des informations cruciales sur son monde&#8230; .<\/p>\r\n\r\n\r\n\r\n<p><strong>Vous voulez lire le livre<\/strong> ? : alors pr\u00e9cipitez vous pour r\u00e9pondre \u00e0 la question en participant au concours sur Instagram &#8220;Si vous aussi receviez un s\u00e9rum allongeant votre esp\u00e9rance de vie de 400 ans, que pr\u00e9pariez-vous pour le futur ?&#8221; <a href=\"https:\/\/www.instagram.com\/auzou_romans\">Instagram Auzou_Romans <\/a> \/ <a href=\"https:\/\/www.instagram.com\/p\/B9zQVA3poBG\">concours<\/a> et abonnez-vous pour d&#8217;autres conseils de lecture.<\/p>\r\n\r\n\r\n\r\n<div class=\"wp-block-media-text alignwide\" style=\"grid-template-columns: 36% auto;\">\r\n<figure class=\"wp-block-media-text__media\"><img loading=\"lazy\" width=\"747\" height=\"1024\" class=\"wp-image-551\" src=\"http:\/\/lire-lier.fr\/wp-content\/uploads\/2020\/03\/2105-747x1024.jpg\" alt=\"\" srcset=\"https:\/\/lire-lier.fr\/wp-content\/uploads\/2020\/03\/2105-747x1024.jpg 747w, https:\/\/lire-lier.fr\/wp-content\/uploads\/2020\/03\/2105-219x300.jpg 219w, https:\/\/lire-lier.fr\/wp-content\/uploads\/2020\/03\/2105-768x1052.jpg 768w, https:\/\/lire-lier.fr\/wp-content\/uploads\/2020\/03\/2105.jpg 854w\" sizes=\"(max-width: 747px) 100vw, 747px\" \/><\/figure>\r\n<div class=\"wp-block-media-text__content\">\r\n<pre class=\"wp-block-verse\"><a href=\"http:\/\/lire-lier.fr\/wp-content\/uploads\/2020\/03\/CP-2105-2.pdf\">voir le communiqu\u00e9 <\/a><\/pre>\r\n<\/div>\r\n<\/div>\r\n\r\n\r\n\r\n<p>&nbsp;<\/p>\r\n\r\n\r\n\r\n<p><strong>6e jour de confinement<\/strong> : repos bien m\u00e9rit\u00e9 non ? Alors je vous conseille un livre que je n&#8217;ai pas encore lu mais qui m&#8217;attire beaucoup, vous l&#8217;avez-vous lu ? En plus c&#8217;est en acc\u00e8s libre sur ce super site pour relire tous les classiques : <a href=\"https:\/\/fr.wikisource.org\/wiki\/Le_Droit_\u00e0_la_paresse et si vous avez la paresse de le lire\">Wikisource<\/a> : : \u00e9coutez-le sur<a href=\"https:\/\/www.editionstheleme.com\/s\/19705_184690_le-droit-a-la-paresse-livre-lu\"> www.editionstheleme.com<\/a><\/p>\r\n\r\n\r\n\r\n<figure class=\"wp-block-image size-large is-resized\"><img loading=\"lazy\" class=\"wp-image-548\" src=\"http:\/\/lire-lier.fr\/wp-content\/uploads\/2020\/03\/Paul_Lafargue_Le_droit_a_la_paresse_maitrier.jpg\" alt=\"\" width=\"261\" height=\"446\" srcset=\"https:\/\/lire-lier.fr\/wp-content\/uploads\/2020\/03\/Paul_Lafargue_Le_droit_a_la_paresse_maitrier.jpg 373w, https:\/\/lire-lier.fr\/wp-content\/uploads\/2020\/03\/Paul_Lafargue_Le_droit_a_la_paresse_maitrier-175x300.jpg 175w\" sizes=\"(max-width: 261px) 100vw, 261px\" \/><\/figure>\r\n\r\n\r\n\r\n<p><strong>5e jour de confinement <\/strong>: eh oui pas de week-end pour la quarantaine litt\u00e9raire : aujourd&#8217;hui c&#8217;est le jour de la po\u00e9sie alors mon plus beau choc po\u00e9tique ces derniers temps c&#8217;est la rencontre de deux grands \u00e9crivains : Ga\u00ebl Faye et Ren\u00e9 Depestre, plus que jamais il faut relire le merveilleux livre de Ga\u00ebl Faye <em>Petit pays<\/em> (ma dernier et plus belle d\u00e9couverte litt\u00e9raire) et la merveilleuse po\u00e9sie de Ren\u00e9 Depestre, \u00e0 l&#8217;image de l&#8217;homme. ET r\u00e9\u00e9coutez leur rencontre audio gr\u00e2ce aux \u00e9ditions Th\u00e9l\u00e8me avec <em>R\u00e9volte et Tendresse<\/em><\/p>\r\n\r\n\r\n\r\n<figure class=\"wp-block-image size-large is-resized\"><a href=\"https:\/\/www.editionstheleme.com\/s\/23241_298798_revolte-et-tendresse-rene-depestre-gael-faye\"><img loading=\"lazy\" class=\"wp-image-272\" src=\"http:\/\/lire-lier.fr\/wp-content\/uploads\/2018\/11\/IMG_5826-768x1024.jpg\" alt=\"\" width=\"347\" height=\"463\" srcset=\"https:\/\/lire-lier.fr\/wp-content\/uploads\/2018\/11\/IMG_5826-768x1024.jpg 768w, https:\/\/lire-lier.fr\/wp-content\/uploads\/2018\/11\/IMG_5826-225x300.jpg 225w, https:\/\/lire-lier.fr\/wp-content\/uploads\/2018\/11\/IMG_5826-1200x1600.jpg 1200w, https:\/\/lire-lier.fr\/wp-content\/uploads\/2018\/11\/IMG_5826.jpg 1511w\" sizes=\"(max-width: 347px) 100vw, 347px\" \/><\/a>\r\n<figcaption>CD Ren\u00e9 Depestre Ga\u00ebl Faye &#8211; \u00e9ditions Th\u00e9l\u00e8me<\/figcaption>\r\n<\/figure>\r\n\r\n\r\n\r\n<p><strong>4e jour de confinement<\/strong> : Quoi de mieux pour le jour du Printemps que les vers de Victor Hugo pour le c\u00e9l\u00e9brer et enchanter notre dr\u00f4le de Printemps et un souvenir d&#8217;une vue du jardin de Claude Monet, et vous racontez-nous vos souvenirs de printemps.<\/p>\r\n\r\n\r\n\r\n<p class=\"has-drop-cap\" style=\"font-size: 14px;\">Voici donc les longs jours, lumi\u00e8re, amour, d\u00e9lire\u00a0!\u00a0<br \/>Voici le printemps, mars, avril au doux sourire,\u00a0<br \/>Mai fleuri, juin br\u00fblant, tous les beaux mois amis\u00a0;\u00a0<br \/>Les peupliers, au bord des fleuves endormis,<br \/>Se courbent mollement comme de grandes palmes;\u00a0<br \/>L&#8217;oiseau palpite au fond des bois ti\u00e8des et calmes;\u00a0<br \/>Il semble que tout:rit, et que les arbres verts\u00a0<br \/>Sont joyeux d&#8217;\u00eatre ensemble et se disent des vers.\u00a0<br \/>Le jour na\u00eet couronn\u00e9 d&#8217;une aube fra\u00eeche et tendre,\u00a0<br \/>Le soir est plein d&#8217;amour, la nuit, on croit entendre,\u00a0<br \/>A travers l&#8217;ombre immense et sous le ciel b\u00e9ni,\u00a0<br \/>Quelque chose d&#8217;heureux chanter dans l&#8217;infini.<\/p>\r\n\r\n\r\n\r\n<p><strong>Victor Hugo <\/strong><\/p>\r\n\r\n\r\n\r\n<div class=\"wp-block-media-text alignwide\" style=\"grid-template-columns: 71% auto;\">\r\n<figure class=\"wp-block-media-text__media\"><img loading=\"lazy\" width=\"768\" height=\"1024\" class=\"wp-image-536\" src=\"http:\/\/lire-lier.fr\/wp-content\/uploads\/2020\/03\/IMG_1328-1-768x1024.jpeg\" alt=\"\" srcset=\"https:\/\/lire-lier.fr\/wp-content\/uploads\/2020\/03\/IMG_1328-1-768x1024.jpeg 768w, https:\/\/lire-lier.fr\/wp-content\/uploads\/2020\/03\/IMG_1328-1-225x300.jpeg 225w, https:\/\/lire-lier.fr\/wp-content\/uploads\/2020\/03\/IMG_1328-1-1152x1536.jpeg 1152w, https:\/\/lire-lier.fr\/wp-content\/uploads\/2020\/03\/IMG_1328-1-1536x2048.jpeg 1536w, https:\/\/lire-lier.fr\/wp-content\/uploads\/2020\/03\/IMG_1328-1-1200x1600.jpeg 1200w, https:\/\/lire-lier.fr\/wp-content\/uploads\/2020\/03\/IMG_1328-1-1320x1760.jpeg 1320w, https:\/\/lire-lier.fr\/wp-content\/uploads\/2020\/03\/IMG_1328-1-scaled.jpeg 1920w\" sizes=\"(max-width: 768px) 100vw, 768px\" \/><\/figure>\r\n<div class=\"wp-block-media-text__content\">\r\n<p>Vue du jardin de Claude Monet, Giverny<\/p>\r\n<\/div>\r\n<\/div>\r\n\r\n\r\n\r\n<p><strong>3e Jour de confinement<\/strong> : c&#8217;\u00e9tait mercredi mais ce sera aussi jeudi, je me cale avec tous les autres confin\u00e9s : on en est donc bien au 3e jour mais je vous donne un peu de rab avec ce petit po\u00e8me ensoleill\u00e9 si vous regardez par la fen\u00eatre, bon 3e jour :<\/p>\r\n\r\n\r\n\r\n<p>Pure merveille\u00a0<\/p>\r\n\r\n\r\n\r\n<p>feuille verte feuille jeune<\/p>\r\n\r\n\r\n\r\n<p>dans l&#8217;\u00e9clat du soleil.<\/p>\r\n\r\n\r\n\r\n<p><strong>Bash\u00f4<\/strong><\/p>\r\n\r\n\r\n\r\n<p>C&#8217;est aussi l&#8217;\u00e9cole ce matin : alors une petite r\u00e9cr\u00e9ation po\u00e9tique avec Jacques Roubaud \ud83d\ude42<\/p>\r\n\r\n\r\n\r\n<div class=\"wp-block-media-text alignwide\">\r\n<figure class=\"wp-block-media-text__media\"><img loading=\"lazy\" width=\"768\" height=\"1024\" class=\"wp-image-524\" src=\"http:\/\/lire-lier.fr\/wp-content\/uploads\/2020\/03\/IMG_0457-768x1024.jpg\" alt=\"\" srcset=\"https:\/\/lire-lier.fr\/wp-content\/uploads\/2020\/03\/IMG_0457-768x1024.jpg 768w, https:\/\/lire-lier.fr\/wp-content\/uploads\/2020\/03\/IMG_0457-225x300.jpg 225w, https:\/\/lire-lier.fr\/wp-content\/uploads\/2020\/03\/IMG_0457-1152x1536.jpg 1152w, https:\/\/lire-lier.fr\/wp-content\/uploads\/2020\/03\/IMG_0457-1536x2048.jpg 1536w, https:\/\/lire-lier.fr\/wp-content\/uploads\/2020\/03\/IMG_0457-1200x1600.jpg 1200w, https:\/\/lire-lier.fr\/wp-content\/uploads\/2020\/03\/IMG_0457-1320x1760.jpg 1320w, https:\/\/lire-lier.fr\/wp-content\/uploads\/2020\/03\/IMG_0457-scaled.jpg 1920w\" sizes=\"(max-width: 768px) 100vw, 768px\" \/><\/figure>\r\n<div class=\"wp-block-media-text__content\">\r\n<p><strong>Voil\u00e0 le dr\u00f4le de menu du grand po\u00e8te Jacques Roubaud<\/strong><\/p>\r\n\r\n\r\n\r\n<div class=\"wp-block-media-text alignwide\" style=\"grid-template-columns: 57% auto;\">\r\n<figure class=\"wp-block-media-text__media\"><img loading=\"lazy\" width=\"768\" height=\"1024\" class=\"wp-image-527\" src=\"http:\/\/lire-lier.fr\/wp-content\/uploads\/2020\/03\/IMG_0461-768x1024.jpg\" alt=\"\" srcset=\"https:\/\/lire-lier.fr\/wp-content\/uploads\/2020\/03\/IMG_0461-768x1024.jpg 768w, https:\/\/lire-lier.fr\/wp-content\/uploads\/2020\/03\/IMG_0461-225x300.jpg 225w, https:\/\/lire-lier.fr\/wp-content\/uploads\/2020\/03\/IMG_0461-1152x1536.jpg 1152w, https:\/\/lire-lier.fr\/wp-content\/uploads\/2020\/03\/IMG_0461-1536x2048.jpg 1536w, https:\/\/lire-lier.fr\/wp-content\/uploads\/2020\/03\/IMG_0461-1200x1600.jpg 1200w, https:\/\/lire-lier.fr\/wp-content\/uploads\/2020\/03\/IMG_0461-1320x1760.jpg 1320w, https:\/\/lire-lier.fr\/wp-content\/uploads\/2020\/03\/IMG_0461-scaled.jpg 1920w\" sizes=\"(max-width: 768px) 100vw, 768px\" \/><\/figure>\r\n<div class=\"wp-block-media-text__content\">\r\n<pre class=\"wp-block-preformatted\">in dans <em>Qu'est-ce qui mijote dans ma marmite \u00e0 mots<\/em>, Bayard<\/pre>\r\n<\/div>\r\n<\/div>\r\n\r\n\r\n\r\n<h2>Et vous quel sera votre menu aujourd&#8217;hui ?<\/h2>\r\n<\/div>\r\n<\/div>\r\n\r\n\r\n\r\n<p>d\u00e9couvrir la po\u00e9sie de <a href=\"https:\/\/www.oulipo.net\/fr\/oulipiens\/jr\">Jacques Roubaud<\/a> et l&#8217;oulipo, ce mouvement de litt\u00e9rature sous contrainte<\/p>\r\n\r\n\r\n\r\n<p><strong>2e jour de confinement <\/strong>: apr\u00e8s un petit tour virtuel en for\u00eat<\/p>\r\n\r\n\r\n\r\n<div class=\"wp-block-media-text alignwide\" style=\"grid-template-columns: 31% auto;\">\r\n<figure class=\"wp-block-media-text__media\"><img loading=\"lazy\" width=\"490\" height=\"640\" class=\"wp-image-521\" src=\"http:\/\/lire-lier.fr\/wp-content\/uploads\/2020\/03\/aucoeurdelaforet-4.jpg\" alt=\"\" srcset=\"https:\/\/lire-lier.fr\/wp-content\/uploads\/2020\/03\/aucoeurdelaforet-4.jpg 490w, https:\/\/lire-lier.fr\/wp-content\/uploads\/2020\/03\/aucoeurdelaforet-4-230x300.jpg 230w\" sizes=\"(max-width: 490px) 100vw, 490px\" \/><\/figure>\r\n<div class=\"wp-block-media-text__content\">\r\n<p>Et si on r\u00eavait d&#8217;une grande sortie en for\u00eat ou qu&#8217;on en revienne tout justement et qu&#8217;avec un chocolat chaud on \u00e9coute ce que nous disent les arbres : rien de tel qu&#8217;une bonne lecture de nouvelles du recueil Au coeur de la for\u00eat, vous l&#8217;aurez compris c&#8217;est mon coup de coeur chez Auzou. Vous aussi vous vous rappelez cette sensation du vent dans les arbres, un petit extrait de la nouvelle d&#8217;Erik L&#8217;Homme : &#8220;Nolwenn ferme les yeux, respire \u00e0 fond. Un souffle de vent dans les frondaisons fait frissonner le feuillage, lui effleure le visage. Elle a l&#8217;impression tout \u00e0 coup que l&#8217;arbre essaye de lui parler&#8230;&#8221; <br \/><strong>Et vous que vous inspire les arbres ? <\/strong><\/p>\r\n<\/div>\r\n<\/div>\r\n\r\n\r\n\r\n<figure class=\"wp-block-embed-instagram wp-block-embed is-type-rich is-provider-instagram\">\r\n<div class=\"wp-block-embed__wrapper\">https:\/\/www.instagram.com\/p\/B9mXEV-lQHr\/<\/div>\r\n<\/figure>\r\n\r\n\r\n\r\n<p><strong>1er jour de confinement<br \/><\/strong>Je vous partage mon po\u00e8me pr\u00e9f\u00e9r\u00e9. <br \/>Et vous quel texte parle de votre pays d&#8217;enfance ?<\/p>\r\n\r\n\r\n\r\n<figure class=\"wp-block-image size-large is-resized\"><img loading=\"lazy\" class=\"wp-image-512\" src=\"http:\/\/lire-lier.fr\/wp-content\/uploads\/2020\/03\/joachimDuBellay2-1024x980.jpg\" alt=\"\" width=\"411\" height=\"393\" srcset=\"https:\/\/lire-lier.fr\/wp-content\/uploads\/2020\/03\/joachimDuBellay2-1024x980.jpg 1024w, https:\/\/lire-lier.fr\/wp-content\/uploads\/2020\/03\/joachimDuBellay2-300x287.jpg 300w, https:\/\/lire-lier.fr\/wp-content\/uploads\/2020\/03\/joachimDuBellay2-768x735.jpg 768w, https:\/\/lire-lier.fr\/wp-content\/uploads\/2020\/03\/joachimDuBellay2.jpg 1060w\" sizes=\"(max-width: 411px) 100vw, 411px\" \/><\/figure>\r\n\r\n\r\n\r\n<p>&nbsp;<\/p>\r\n","protected":false},"excerpt":{"rendered":"<p>Dernier jour de confinement : oui oui on y croit tr\u00e8s fort pour ce dernier jour au Pr\u00e9, rue Gutenberg, on revient aux origines du livre, \u00e0 l&#8217;essentiel, \u00e0 l&#8217;imprimerie c&#8217;est ce que r\u00e9ussit fort bien cet \u00e9diteur Olivier Rougerie en publiant de la po\u00e9sie depuis plus de 70 ans dans les traces de son &hellip; <a href=\"https:\/\/lire-lier.fr\/?page_id=503\" class=\"more-link\">Continue reading <span class=\"screen-reader-text\">La Quarantaine litt\u00e9raire<\/span><\/a><\/p>\n","protected":false},"author":1,"featured_media":0,"parent":0,"menu_order":0,"comment_status":"open","ping_status":"closed","template":"","meta":[],"_links":{"self":[{"href":"https:\/\/lire-lier.fr\/index.php?rest_route=\/wp\/v2\/pages\/503"}],"collection":[{"href":"https:\/\/lire-lier.fr\/index.php?rest_route=\/wp\/v2\/pages"}],"about":[{"href":"https:\/\/lire-lier.fr\/index.php?rest_route=\/wp\/v2\/types\/page"}],"author":[{"embeddable":true,"href":"https:\/\/lire-lier.fr\/index.php?rest_route=\/wp\/v2\/users\/1"}],"replies":[{"embeddable":true,"href":"https:\/\/lire-lier.fr\/index.php?rest_route=%2Fwp%2Fv2%2Fcomments&post=503"}],"version-history":[{"count":149,"href":"https:\/\/lire-lier.fr\/index.php?rest_route=\/wp\/v2\/pages\/503\/revisions"}],"predecessor-version":[{"id":1233,"href":"https:\/\/lire-lier.fr\/index.php?rest_route=\/wp\/v2\/pages\/503\/revisions\/1233"}],"wp:attachment":[{"href":"https:\/\/lire-lier.fr\/index.php?rest_route=%2Fwp%2Fv2%2Fmedia&parent=503"}],"curies":[{"name":"wp","href":"https:\/\/api.w.org\/{rel}","templated":true}]}}